{"id":207191,"date":"2024-01-19T14:16:06","date_gmt":"2024-01-19T13:16:06","guid":{"rendered":"https:\/\/rvccb.be\/?page_id=207191"},"modified":"2024-01-19T14:27:59","modified_gmt":"2024-01-19T13:27:59","slug":"h-nl","status":"publish","type":"page","link":"https:\/\/rvccb.be\/nl\/constructeurs-nl\/h-nl\/","title":{"rendered":"H_NL"},"content":{"rendered":"<p>[et_pb_section fb_built=&#8221;1&#8243; custom_padding_last_edited=&#8221;on|desktop&#8221; _builder_version=&#8221;4.16&#8243; background_color=&#8221;rgba(255,255,255,0)&#8221; custom_padding_tablet=&#8221;50px|0|50px|0&#8243; custom_padding_phone=&#8221;&#8221; transparent_background=&#8221;on&#8221; padding_mobile=&#8221;off&#8221; make_fullwidth=&#8221;off&#8221; use_custom_width=&#8221;off&#8221; width_unit=&#8221;on&#8221; global_colors_info=&#8221;{}&#8221;][et_pb_row padding_mobile=&#8221;off&#8221; column_padding_mobile=&#8221;on&#8221; module_class=&#8221; et_pb_row_fullwidth&#8221; _builder_version=&#8221;4.16&#8243; background_size=&#8221;initial&#8221; background_position=&#8221;top_left&#8221; background_repeat=&#8221;repeat&#8221; width=&#8221;89%&#8221; width_tablet=&#8221;80%&#8221; width_last_edited=&#8221;on|desktop&#8221; max_width=&#8221;89%&#8221; max_width_tablet=&#8221;80%&#8221; max_width_last_edited=&#8221;on|desktop&#8221; make_fullwidth=&#8221;on&#8221; use_custom_width=&#8221;off&#8221; width_unit=&#8221;on&#8221; global_colors_info=&#8221;{}&#8221; width_phone=&#8221;80%&#8221; max_width_phone=&#8221;80%&#8221;][et_pb_column type=&#8221;4_4&#8243; _builder_version=&#8221;4.16&#8243; custom_padding=&#8221;|||&#8221; global_colors_info=&#8221;{}&#8221; custom_padding__hover=&#8221;|||&#8221;][et_pb_text _builder_version=&#8221;4.16&#8243; text_orientation=&#8221;center&#8221; custom_css_main_element=&#8221;padding: 0px;&#8221; use_border_color=&#8221;off&#8221; global_colors_info=&#8221;{}&#8221;]<\/p>\n<p>&nbsp;<\/p>\n<p><span style=\"font-size: 18pt;\">BELGISCHE CONTRUCTEURS DOOR DANIEL ABSIL<\/span><\/p>\n<p><span style=\"font-size: 24pt;\"><span class=\"style68\"><a href=\"https:\/\/rvccb.be\/constructeurs\/a\/?lang=nl\">A<\/a>\u00a0<\/span><a href=\"https:\/\/rvccb.be\/constructeurs\/b\/?lang=nl\">B<\/a>\u00a0<a href=\"https:\/\/rvccb.be\/constructeurs\/c\/?lang=nl\">C<\/a>\u00a0<a href=\"https:\/\/rvccb.be\/constructeurs\/d\/?lang=nl\">D<\/a>\u00a0<a href=\"https:\/\/rvccb.be\/constructeurs\/e\/?lang=nl\">E<\/a>\u00a0<a href=\"https:\/\/rvccb.be\/constructeurs\/f\/?lang=nl\">F<\/a>\u00a0<a href=\"https:\/\/rvccb.be\/constructeurs\/g\/?lang=nl\">G<\/a>\u00a0<a href=\"https:\/\/rvccb.be\/constructeurs\/h\/?lang=nl\"><span style=\"font-size: 36pt;\">H<\/span><\/a>\u00a0<a href=\"https:\/\/rvccb.be\/constructeurs\/i\/?lang=nl\">I<\/a>\u00a0<a href=\"https:\/\/rvccb.be\/constructeurs\/j\/?lang=nl\">J<\/a>\u00a0<a href=\"https:\/\/rvccb.be\/constructeurs\/k\/?lang=nl\">K<\/a>\u00a0<a href=\"https:\/\/rvccb.be\/constructeurs\/l\/?lang=nl\">L<\/a>\u00a0<a href=\"https:\/\/rvccb.be\/constructeurs\/m\/?lang=nl\">M<\/a>\u00a0<a href=\"https:\/\/rvccb.be\/constructeurs\/n\/?lang=nl\">N<\/a>\u00a0<a href=\"https:\/\/rvccb.be\/constructeurs\/o\/?lang=nl\">O<\/a>\u00a0<a href=\"https:\/\/rvccb.be\/constructeurs\/p\/?lang=nl\">P<\/a>\u00a0<a href=\"https:\/\/rvccb.be\/constructeurs\/q\/?lang=nl\">Q<\/a>\u00a0<a href=\"https:\/\/rvccb.be\/constructeurs\/r\/?lang=nl\">R<\/a>\u00a0<a href=\"https:\/\/rvccb.be\/constructeurs\/s\/?lang=nl\">S<\/a>\u00a0<a href=\"https:\/\/rvccb.be\/constructeurs\/t\/?lang=nl\">T<\/a>\u00a0<a href=\"https:\/\/rvccb.be\/constructeurs\/u\/?lang=nl\">U<\/a>\u00a0<a href=\"https:\/\/rvccb.be\/constructeurs\/v\/?lang=nl\">V<\/a>\u00a0<a href=\"https:\/\/rvccb.be\/constructeurs\/w\/?lang=nl\">W<\/a>\u00a0<a href=\"https:\/\/rvccb.be\/constructeurs\/x\/?lang=nl\">X<\/a>\u00a0<a href=\"https:\/\/rvccb.be\/constructeurs\/y\/?lang=nl\">Y<\/a>\u00a0<a href=\"https:\/\/rvccb.be\/constructeurs\/z\/?lang=nl\">Z<\/a><\/span><\/p>\n<p>[\/et_pb_text][\/et_pb_column][\/et_pb_row][\/et_pb_section][et_pb_section fb_built=&#8221;1&#8243; custom_padding_last_edited=&#8221;on|desktop&#8221; _builder_version=&#8221;4.16&#8243; background_color=&#8221;rgba(255,255,255,0)&#8221; custom_padding_tablet=&#8221;50px|0|50px|0&#8243; custom_padding_phone=&#8221;&#8221; custom_css_main_element=&#8221;margin-top: -50px;&#8221; transparent_background=&#8221;on&#8221; padding_mobile=&#8221;off&#8221; make_fullwidth=&#8221;off&#8221; use_custom_width=&#8221;off&#8221; width_unit=&#8221;on&#8221; global_colors_info=&#8221;{}&#8221;][et_pb_row padding_mobile=&#8221;off&#8221; column_padding_mobile=&#8221;on&#8221; _builder_version=&#8221;4.16&#8243; background_size=&#8221;initial&#8221; background_position=&#8221;top_left&#8221; background_repeat=&#8221;repeat&#8221; custom_margin=&#8221;-40px|||&#8221; make_fullwidth=&#8221;off&#8221; use_custom_width=&#8221;off&#8221; width_unit=&#8221;on&#8221; global_colors_info=&#8221;{}&#8221; column_structure=&#8221;1_3,1_3,1_3&#8243;][et_pb_column type=&#8221;1_3&#8243; _builder_version=&#8221;4.16&#8243; custom_padding=&#8221;|||&#8221; global_colors_info=&#8221;{}&#8221; custom_padding__hover=&#8221;|||&#8221;][et_pb_text _builder_version=&#8221;4.16&#8243; background_size=&#8221;initial&#8221; background_position=&#8221;top_left&#8221; background_repeat=&#8221;repeat&#8221; custom_margin=&#8221;-30px|||&#8221; use_border_color=&#8221;off&#8221; border_color=&#8221;#ffffff&#8221; border_style=&#8221;solid&#8221; global_colors_info=&#8221;{}&#8221;]<\/p>\n<p><span style=\"font-size: 12pt;\"><a href=\"#HERMES\"><strong>HERMES<\/strong><\/a><\/span><\/p>\n<p><span style=\"font-size: 12pt;\"><a href=\"#MATHYS\"><strong>HERMES (MATHYS-HERMES)<\/strong><\/a><\/span><\/p>\n<p><span style=\"font-size: 12pt;\"><strong><a href=\"#HEYMANS\">HEYMANS<\/a><\/strong><\/span><\/p>\n<p>[\/et_pb_text][\/et_pb_column][et_pb_column type=&#8221;1_3&#8243; _builder_version=&#8221;4.16&#8243; custom_padding=&#8221;|||&#8221; global_colors_info=&#8221;{}&#8221; custom_padding__hover=&#8221;|||&#8221;][et_pb_text _builder_version=&#8221;4.16&#8243; background_size=&#8221;initial&#8221; background_position=&#8221;top_left&#8221; background_repeat=&#8221;repeat&#8221; custom_margin=&#8221;-30px|||&#8221; use_border_color=&#8221;off&#8221; border_color=&#8221;#ffffff&#8221; border_style=&#8221;solid&#8221; global_colors_info=&#8221;{}&#8221;]<\/p>\n<p><span style=\"font-size: 12pt;\"><strong><a href=\"#HOFLACK\">HOFLACK<\/a><\/strong><\/span><\/p>\n<p><span style=\"font-size: 12pt;\"><strong><a href=\"#HOFKENS\">HOFKENS<\/a><\/strong><\/span><\/p>\n<p><span style=\"font-size: 12pt;\"><strong><a href=\"#HOUGET\">HOUGET<\/a><\/strong><\/span><\/p>\n<p>[\/et_pb_text][\/et_pb_column][et_pb_column type=&#8221;1_3&#8243; _builder_version=&#8221;4.16&#8243; custom_padding=&#8221;|||&#8221; global_colors_info=&#8221;{}&#8221; custom_padding__hover=&#8221;|||&#8221;][\/et_pb_column][\/et_pb_row][et_pb_row padding_mobile=&#8221;off&#8221; column_padding_mobile=&#8221;on&#8221; module_class=&#8221; et_pb_row_fullwidth&#8221; _builder_version=&#8221;4.16&#8243; background_size=&#8221;initial&#8221; background_position=&#8221;top_left&#8221; background_repeat=&#8221;repeat&#8221; width=&#8221;89%&#8221; width_tablet=&#8221;80%&#8221; width_last_edited=&#8221;on|desktop&#8221; max_width=&#8221;89%&#8221; max_width_tablet=&#8221;80%&#8221; max_width_last_edited=&#8221;on|desktop&#8221; make_fullwidth=&#8221;on&#8221; use_custom_width=&#8221;off&#8221; width_unit=&#8221;on&#8221; global_colors_info=&#8221;{}&#8221; width_phone=&#8221;80%&#8221; max_width_phone=&#8221;80%&#8221;][et_pb_column type=&#8221;4_4&#8243; _builder_version=&#8221;4.16&#8243; custom_padding=&#8221;|||&#8221; global_colors_info=&#8221;{}&#8221; custom_padding__hover=&#8221;|||&#8221;][et_pb_divider color=&#8221;#ffffff&#8221; disabled_on=&#8221;on|on|off&#8221; _builder_version=&#8221;4.16&#8243; height=&#8221;5px&#8221; hide_on_mobile=&#8221;on&#8221; global_colors_info=&#8221;{}&#8221;][\/et_pb_divider][\/et_pb_column][\/et_pb_row][\/et_pb_section][et_pb_section fb_built=&#8221;1&#8243; custom_padding_last_edited=&#8221;on|desktop&#8221; _builder_version=&#8221;4.16&#8243; background_color=&#8221;rgba(255,255,255,0)&#8221; custom_padding_tablet=&#8221;50px|0|50px|0&#8243; custom_padding_phone=&#8221;&#8221; transparent_background=&#8221;on&#8221; padding_mobile=&#8221;off&#8221; make_fullwidth=&#8221;off&#8221; use_custom_width=&#8221;off&#8221; width_unit=&#8221;on&#8221; global_colors_info=&#8221;{}&#8221;][et_pb_row padding_mobile=&#8221;off&#8221; column_padding_mobile=&#8221;on&#8221; module_class=&#8221; et_pb_row_fullwidth&#8221; _builder_version=&#8221;4.16&#8243; background_size=&#8221;initial&#8221; background_position=&#8221;top_left&#8221; background_repeat=&#8221;repeat&#8221; width=&#8221;89%&#8221; width_tablet=&#8221;80%&#8221; width_last_edited=&#8221;on|desktop&#8221; max_width=&#8221;89%&#8221; max_width_tablet=&#8221;80%&#8221; max_width_last_edited=&#8221;on|desktop&#8221; custom_margin=&#8221;-100px|||&#8221; make_fullwidth=&#8221;on&#8221; use_custom_width=&#8221;off&#8221; width_unit=&#8221;on&#8221; global_colors_info=&#8221;{}&#8221; width_phone=&#8221;80%&#8221; max_width_phone=&#8221;80%&#8221;][et_pb_column type=&#8221;4_4&#8243; _builder_version=&#8221;4.16&#8243; custom_padding=&#8221;|||&#8221; global_colors_info=&#8221;{}&#8221; custom_padding__hover=&#8221;|||&#8221;][et_pb_text admin_label=&#8221;HERMES&#8221; module_id=&#8221;BASTIN&#8221; _builder_version=&#8221;4.16&#8243; use_border_color=&#8221;off&#8221; border_color=&#8221;#ffffff&#8221; border_style=&#8221;solid&#8221; global_colors_info=&#8221;{}&#8221; background_size=&#8221;initial&#8221; background_position=&#8221;top_left&#8221; background_repeat=&#8221;repeat&#8221; text_text_color=&#8221;#000000&#8243;]<\/p>\n<p class=\"p2\"><span style=\"color: #ff5b5b;\"><b><span style=\"font-size: 14pt;\">HERMES (H.I.S.A)\u00a0\u00a0\u00a0\u00a0\u00a01906-1909<\/span><\/b><\/span><span style=\"font-size: 12pt;\"><br \/>\n Bressoux (Li\u00e8ge)<\/span><\/p>\n<p class=\"p3\"><span style=\"font-size: 12pt;\">Cette entreprise italo-belge (HERMES ITALIANA s.a.) fut fond\u00e9e le 10 juillet 1906 par le s\u00e9nateur italien Frigero.<\/span><br \/>\n <span style=\"font-size: 12pt;\">Elle disposait de deux si\u00e8ges d&#8217;exploitation, l&#8217;un \u00e0 Naples, l&#8217;autre \u00e0 Li\u00e8ge o\u00f9 fut mont\u00e9e une usine outill\u00e9e de fa\u00e7on moderne.<\/span><br \/>\n <span style=\"font-size: 12pt;\">De la courte existence de cette firme, retenons la 4 cyl. 20\/24 cv. \u00e0 culasse en T, bo\u00eete \u00e0 quatre vitesses et transmission par cardan, le ch\u00e2ssis en t\u00f4le emboutie provenant de chez Dyle et Bacalan.<\/span><br \/>\n <span style=\"font-size: 12pt;\">La m\u00e9canique \u00e9tait port\u00e9e par un berceau comparable \u00e0 celui de nos structures auto portantes actuelles. Un mod\u00e8le fut expos\u00e9 au Salon de Paris de d\u00e9cembre 1906.<\/span><br \/>\n <span style=\"font-size: 12pt;\">Le Baron Pierre de Caters \u00e9tait \u00e0 l&#8217;origine de cette firme ainsi que de la conception technique de cette voiture qui se signalait par la s\u00fbret\u00e9 de sa construction.<\/span><br \/>\n <span style=\"font-size: 12pt;\">En 1908 fui construite une version d\u00e9veloppant 40 cv. \u00e0 1300 tours\/minute. Elle \u00e9tait \u00e9quip\u00e9e d&#8217;un bloc en aluminium et d&#8217;un double allumage command\u00e9 par magn\u00e9to Bosch. Son capot de style Renault et son radiateur inclin\u00e9 la diff\u00e9renciait du pr\u00e9c\u00e9dent mod\u00e8le. La crise industrielle provoqua la chute de la firme des 1909, le prix de revient trop \u00e9lev\u00e9 des voitures ne permettant pas \u00e0 l&#8217;entreprise de r\u00e9sister \u00e0 la concurrence \u00e9trang\u00e8re qui disposait de capitaux consid\u00e9rables.<\/span><br \/>\n <span style=\"font-size: 12pt;\">Quelques HERMES (HISA) particip\u00e8rent \u00e0 des \u00e9preuves sportives, telles que la \u201cCoupe de la Commission sportive de l&#8217;A.C.F.\u201d, la course de c\u00f4te de \u201cSpa-Malchamps\u201d et de \u201cCh\u00e2teau-Thierry\u201d et, en 1908, la \u201cCoupe d&#8217;Ostende\u201d, mais ce fut sans r\u00e9sultat marquant.<\/span><\/p>\n<p>[\/et_pb_text][et_pb_text admin_label=&#8221;MATHYS&#8221; module_id=&#8221;BASTIN&#8221; _builder_version=&#8221;4.16&#8243; use_border_color=&#8221;off&#8221; border_color=&#8221;#ffffff&#8221; border_style=&#8221;solid&#8221; global_colors_info=&#8221;{}&#8221; background_size=&#8221;initial&#8221; background_position=&#8221;top_left&#8221; background_repeat=&#8221;repeat&#8221; text_text_color=&#8221;#000000&#8243;]<\/p>\n<p class=\"p2\"><span style=\"color: #ff5b5b;\"><b><span style=\"font-size: 14pt;\">HERMES (MATHIS-HERMES)\u00a0\u00a0\u00a0\u00a0\u00a01912-1914<\/span><\/b><\/span><span style=\"font-size: 12pt;\"><br \/>\n Bressoux (Li\u00e8ge)<br \/>\n <\/span><\/p>\n<p class=\"p3\"><span style=\"font-size: 12pt;\"><img loading=\"lazy\" decoding=\"async\" class=\" wp-image-202257 alignleft\" src=\"https:\/\/rvccb.be\/wp-content\/uploads\/2016\/09\/Hermes-1912.jpg\" alt=\"hermes-1912\" width=\"225\" height=\"169\" srcset=\"https:\/\/rvccb.be\/wp-content\/uploads\/2016\/09\/Hermes-1912.jpg 350w, https:\/\/rvccb.be\/wp-content\/uploads\/2016\/09\/Hermes-1912-300x225.jpg 300w\" sizes=\"(max-width: 225px) 100vw, 225px\" \/>Au Salon de Bruxelles de 1912 r\u00e9appara\u00eet la marque HERMES (ou MATHIS-HERMES ou encore MATHIS type HERMES) produite cette fois par l&#8217;usine \u00ab s.a. Appareils M\u00e9caniques et Engrenages \u00bb de Bressoux.<\/span><\/p>\n<p class=\"p3\"><span style=\"font-size: 12pt;\">Il s&#8217;agit de v\u00e9hicules d\u00e9riv\u00e9s des MATHIS et comportant trois mod\u00e8les \u00e0 moteur monobloc d\u00e9sax\u00e9 et soupapes lat\u00e9rales : la 8\/10 (65 x 110), la 12 (70 x 120) et la 16 (90 x 120).<\/span><\/p>\n<p class=\"p3\"><span style=\"font-size: 12pt;\">Ces voitures l\u00e9g\u00e8res et \u00e9conomiques s&#8217;illustr\u00e8rent bri\u00e8vement en comp\u00e9tition, enlevant la \u201cCoupe du Roi\u201d au Grand Prix du RACB de 1912, se distinguant \u00e9galement \u00e0 la \u201cCoupe de la Meuse\u201d et \u00e0 la course de c\u00f4te de \u201cSpa-Malchamps\u201d. La firme se mit en liquidation au d\u00e9but de 1914.<\/span><\/p>\n<p>[\/et_pb_text][et_pb_text admin_label=&#8221;HEYMANS&#8221; module_id=&#8221;BASTIN&#8221; _builder_version=&#8221;4.16&#8243; use_border_color=&#8221;off&#8221; border_color=&#8221;#ffffff&#8221; border_style=&#8221;solid&#8221; global_colors_info=&#8221;{}&#8221; background_size=&#8221;initial&#8221; background_position=&#8221;top_left&#8221; background_repeat=&#8221;repeat&#8221; text_text_color=&#8221;#000000&#8243;]<\/p>\n<p class=\"p2\"><span style=\"color: #ff5b5b;\"><b><span style=\"font-size: 14pt;\">HEYMANS S.A.\u00a0\u00a0\u00a0\u00a0\u00a01955<\/span><\/b><\/span><span style=\"font-size: 12pt;\"><br \/>\n Bruxelles<\/span><\/p>\n<p class=\"p3\"><span style=\"font-size: 12pt;\">Ce carrossier bruxellois r\u00e9alise sur ch\u00e2ssis Merc\u00e9d\u00e8s type L une tapissi\u00e8re destin\u00e9e \u00e0 compl\u00e9ter le parc automobile de la maison Vandergoten.<\/span><br \/>\n <span style=\"font-size: 12pt;\">Le v\u00e9hicule fut pr\u00e9sent\u00e9 au Salon de Bruxelles de 1955 par la firme MATINAUTO.<\/span><br \/>\n <span style=\"font-size: 12pt;\">Il \u00e9tait \u00e9quip\u00e9 d&#8217;un moteur diesel 6 cylindres de 4580 cc. d\u00e9veloppant 100 cv. \u00e0 2800 tours\/minute.<\/span><\/p>\n<p>[\/et_pb_text][et_pb_text admin_label=&#8221;HOLFACK&#8221; module_id=&#8221;BASTIN&#8221; _builder_version=&#8221;4.16&#8243; use_border_color=&#8221;off&#8221; border_color=&#8221;#ffffff&#8221; border_style=&#8221;solid&#8221; global_colors_info=&#8221;{}&#8221; background_size=&#8221;initial&#8221; background_position=&#8221;top_left&#8221; background_repeat=&#8221;repeat&#8221; text_text_color=&#8221;#000000&#8243;]<\/p>\n<p class=\"p2\"><span style=\"color: #ff5b5b;\"><b><span style=\"font-size: 14pt;\">HOFLACK\u00a0\u00a0\u00a0\u00a0\u00a01901<\/span><\/b><\/span><span style=\"font-size: 12pt;\"><br \/>\n Rue Corton n\u00b0 33 Ypres<\/span><\/p>\n<p class=\"p3\"><span style=\"font-size: 12pt;\">Cette firme, dirig\u00e9e par Fran\u00e7ois HOLFACK, construisit plusieurs voiturettes \u00e9quip\u00e9es de moteurs ASTER de 3,5 HP \u00e0 refroidissement par eau et transmission \u00e0 deux vitesses. Elle \u00e9tait \u00e9galement l&#8217;agent, pour la Belgique, des motos fran\u00e7aises &#8221; Lamaudi\u00e8re et Larbre &#8220;.<\/span><\/p>\n<p>[\/et_pb_text][et_pb_text admin_label=&#8221;HOFKENS&#8221; module_id=&#8221;BASTIN&#8221; _builder_version=&#8221;4.16&#8243; use_border_color=&#8221;off&#8221; border_color=&#8221;#ffffff&#8221; border_style=&#8221;solid&#8221; global_colors_info=&#8221;{}&#8221; background_size=&#8221;initial&#8221; background_position=&#8221;top_left&#8221; background_repeat=&#8221;repeat&#8221; text_text_color=&#8221;#000000&#8243;]<\/p>\n<p class=\"p2\"><span style=\"color: #ff5b5b;\"><b><span style=\"font-size: 14pt;\">HOFKENS\u00a0\u00a0\u00a0\u00a0\u00a01926-1927<\/span><\/b><\/span><span style=\"font-size: 12pt;\"><br \/>\n Anvers<\/span><\/p>\n<p class=\"p3\"><span style=\"font-size: 12pt;\">Quelques tr\u00e8s belles carrosseries furent r\u00e9alis\u00e9es par HOFKENS sur ch\u00e2ssis MINERVA, telles que la type AG 16 cv. de 1926 et la type AF 30 cv. de 1927.<\/span><\/p>\n<p>[\/et_pb_text][et_pb_text admin_label=&#8221;HOUGET&#8221; module_id=&#8221;BASTIN&#8221; _builder_version=&#8221;4.16&#8243; use_border_color=&#8221;off&#8221; border_color=&#8221;#ffffff&#8221; border_style=&#8221;solid&#8221; global_colors_info=&#8221;{}&#8221; background_size=&#8221;initial&#8221; background_position=&#8221;top_left&#8221; background_repeat=&#8221;repeat&#8221; text_text_color=&#8221;#000000&#8243;]<\/p>\n<p class=\"p2\"><span style=\"color: #ff5b5b;\"><b><span style=\"font-size: 14pt;\">HOUGET (Soci\u00e9t\u00e9 de constructions de machines)\u00a0\u00a0\u00a0\u00a0\u00a01904<\/span><\/b><\/span><span style=\"font-size: 12pt;\"><br \/>\n Verviers<\/span><\/p>\n<p class=\"p3\"><span style=\"font-size: 12pt;\">Connu dans la r\u00e9gion vervi\u00e9toise des 1825 pour ses recherches sur les machines \u00e0 vapeur, puis par la construction de trams \u00e0 vapeur et de locomotives \u00e0 bandages \u00e9lastiques, la firme HOUGET s&#8217;int\u00e9ressera aux voitures automobiles au tournant du si\u00e8cle en devenant le repr\u00e9sentant de la &#8221; Soci\u00e9t\u00e9 belge pour l&#8217;exploitation en Belgique et en Hollande des moteurs Gobron-Brilli\u00e9 &#8220;, pr\u00e9curseur des automobiles NAGANT.<\/span><\/p>\n<p class=\"p3\"><span style=\"font-size: 12pt;\">Pouss\u00e9s par l&#8217;enthousiasme de cette \u00e9poque, les Ateliers HOUGET s&#8217;attaquent \u00e0 la construction et au d\u00e9veloppement d&#8217;une automobile sur les projets de l&#8217;ing\u00e9nieur Jules LAMBIN.<\/span><br \/>\n <span style=\"font-size: 12pt;\">Un premier brevet est d\u00e9pos\u00e9 en 1903 pour un syst\u00e8me de vaporisation et, l&#8217;ann\u00e9e suivante, le premier prototype \u00e0 vapeur est brevet\u00e9 \u00e0 son tour : il s&#8217;agissait d&#8217;un ch\u00e2ssis automoteur \u00e0 vapeur propuls\u00e9 par un moteur compound.<\/span><br \/>\n <span style=\"font-size: 12pt;\">Baptis\u00e9e &#8221; La Tha\u00efs &#8220;, sa premi\u00e8re sortie le 5 juillet 1904 est fort remarqu\u00e9e.<\/span><br \/>\n <span style=\"font-size: 12pt;\">Marchant superbement, cette puissante machine 8 cylindres compound de 90 cv. participera \u00e0 la course de c\u00f4te de &#8221; Spa-Malchamps &#8221; puis aux &#8221; Coupes de la Meuse &#8221; en 1904 o\u00f9, par manque de mise au point, elle ne sera pas class\u00e9e.<\/span><br \/>\n <span style=\"font-size: 12pt;\">Elle participera encore en seul 1905 \u00e0 la &#8221; Semaine automobile de Li\u00e8ge &#8221; conduite par Adrien HOUGET.<\/span><\/p>\n<p class=\"p3\"><span style=\"font-size: 12pt;\">Un jour de 1906, la chaudi\u00e8re de la voiture explosera par surpression. Elle ne sera jamais reconstruite.<\/span><br \/>\n <span style=\"font-size: 12pt;\">Les plans de l&#8217;ing\u00e9nieur LAMBIN ne conna\u00eetront pas de d\u00e9veloppement ult\u00e9rieur, ce type de v\u00e9hicule souffrant de la complexit\u00e9 de sa formule et d&#8217;un poids excessif lie au volume de coke et d&#8217;eau n\u00e9cessaire \u00e0 son fonctionnement.<\/span><br \/>\n <span style=\"font-size: 12pt;\">Adrien HOUGET deviendra un des actionnaires principaux de la firme DASSE et Pr\u00e9sident de l&#8217;Automobile Club Vervi\u00e9tois.<\/span><br \/>\n <span style=\"font-size: 12pt;\">Quant \u00e0 ses ateliers et fonderies qui occupaient encore plus de 500 ouvriers en 1930, ils poursuivront leurs activit\u00e9s dans le domaine de la fabrication des machines textiles jusqu&#8217;en 1966 puis seront repris par une firme italienne.<\/span><\/p>\n<p>[\/et_pb_text][\/et_pb_column][\/et_pb_row][\/et_pb_section]<\/p>\n","protected":false},"excerpt":{"rendered":"<p>&nbsp; BELGISCHE CONTRUCTEURS DOOR DANIEL ABSIL A\u00a0B\u00a0C\u00a0D\u00a0E\u00a0F\u00a0G\u00a0H\u00a0I\u00a0J\u00a0K\u00a0L\u00a0M\u00a0N\u00a0O\u00a0P\u00a0Q\u00a0R\u00a0S\u00a0T\u00a0U\u00a0V\u00a0W\u00a0X\u00a0Y\u00a0Z HERMES HERMES (MATHYS-HERMES) HEYMANS HOFLACK HOFKENS HOUGET HERMES (H.I.S.A)\u00a0\u00a0\u00a0\u00a0\u00a01906-1909 Bressoux (Li\u00e8ge) Cette entreprise italo-belge (HERMES ITALIANA s.a.) fut fond\u00e9e le 10 juillet 1906 par le s\u00e9nateur italien Frigero. Elle disposait de deux si\u00e8ges d&#8217;exploitation, l&#8217;un \u00e0 Naples, l&#8217;autre \u00e0 Li\u00e8ge o\u00f9 fut mont\u00e9e une usine outill\u00e9e de fa\u00e7on [&hellip;]<\/p>\n","protected":false},"author":1320,"featured_media":0,"parent":206947,"menu_order":0,"comment_status":"closed","ping_status":"closed","template":"","meta":{"_et_pb_use_builder":"on","_et_pb_old_content":"","_et_gb_content_width":"","footnotes":""},"class_list":["post-207191","page","type-page","status-publish","hentry"],"jetpack_sharing_enabled":true,"_links":{"self":[{"href":"https:\/\/rvccb.be\/nl\/wp-json\/wp\/v2\/pages\/207191","targetHints":{"allow":["GET"]}}],"collection":[{"href":"https:\/\/rvccb.be\/nl\/wp-json\/wp\/v2\/pages"}],"about":[{"href":"https:\/\/rvccb.be\/nl\/wp-json\/wp\/v2\/types\/page"}],"author":[{"embeddable":true,"href":"https:\/\/rvccb.be\/nl\/wp-json\/wp\/v2\/users\/1320"}],"replies":[{"embeddable":true,"href":"https:\/\/rvccb.be\/nl\/wp-json\/wp\/v2\/comments?post=207191"}],"version-history":[{"count":0,"href":"https:\/\/rvccb.be\/nl\/wp-json\/wp\/v2\/pages\/207191\/revisions"}],"up":[{"embeddable":true,"href":"https:\/\/rvccb.be\/nl\/wp-json\/wp\/v2\/pages\/206947"}],"wp:attachment":[{"href":"https:\/\/rvccb.be\/nl\/wp-json\/wp\/v2\/media?parent=207191"}],"curies":[{"name":"wp","href":"https:\/\/api.w.org\/{rel}","templated":true}]}}