{"id":207194,"date":"2024-01-19T14:19:23","date_gmt":"2024-01-19T13:19:23","guid":{"rendered":"https:\/\/rvccb.be\/?page_id=207194"},"modified":"2024-01-19T14:31:06","modified_gmt":"2024-01-19T13:31:06","slug":"i-nl","status":"publish","type":"page","link":"https:\/\/rvccb.be\/nl\/constructeurs-nl\/i-nl\/","title":{"rendered":"I_NL"},"content":{"rendered":"<p>[et_pb_section fb_built=&#8221;1&#8243; custom_padding_last_edited=&#8221;on|desktop&#8221; _builder_version=&#8221;4.16&#8243; background_color=&#8221;rgba(255,255,255,0)&#8221; custom_padding_tablet=&#8221;50px|0|50px|0&#8243; custom_padding_phone=&#8221;&#8221; transparent_background=&#8221;on&#8221; padding_mobile=&#8221;off&#8221; make_fullwidth=&#8221;off&#8221; use_custom_width=&#8221;off&#8221; width_unit=&#8221;on&#8221; global_colors_info=&#8221;{}&#8221;][et_pb_row padding_mobile=&#8221;off&#8221; column_padding_mobile=&#8221;on&#8221; module_class=&#8221; et_pb_row_fullwidth&#8221; _builder_version=&#8221;4.16&#8243; background_size=&#8221;initial&#8221; background_position=&#8221;top_left&#8221; background_repeat=&#8221;repeat&#8221; width=&#8221;89%&#8221; width_tablet=&#8221;80%&#8221; width_last_edited=&#8221;on|desktop&#8221; max_width=&#8221;89%&#8221; max_width_tablet=&#8221;80%&#8221; max_width_last_edited=&#8221;on|desktop&#8221; make_fullwidth=&#8221;on&#8221; use_custom_width=&#8221;off&#8221; width_unit=&#8221;on&#8221; global_colors_info=&#8221;{}&#8221; width_phone=&#8221;80%&#8221; max_width_phone=&#8221;80%&#8221;][et_pb_column type=&#8221;4_4&#8243; _builder_version=&#8221;4.16&#8243; custom_padding=&#8221;|||&#8221; global_colors_info=&#8221;{}&#8221; custom_padding__hover=&#8221;|||&#8221;][et_pb_text _builder_version=&#8221;4.16&#8243; text_orientation=&#8221;center&#8221; custom_css_main_element=&#8221;padding: 0px;&#8221; use_border_color=&#8221;off&#8221; global_colors_info=&#8221;{}&#8221;]<\/p>\n<p>&nbsp;<\/p>\n<p><span style=\"font-size: 18pt;\">BELGISCHE CONTRUCTEURS DOOR DANIEL ABSIL<\/span><\/p>\n<p><span style=\"font-size: 24pt;\"><span class=\"style68\"><a href=\"https:\/\/rvccb.be\/constructeurs\/a\/?lang=nl\">A<\/a>\u00a0<\/span><a href=\"https:\/\/rvccb.be\/constructeurs\/b\/?lang=nl\">B<\/a>\u00a0<a href=\"https:\/\/rvccb.be\/constructeurs\/c\/?lang=nl\">C<\/a>\u00a0<a href=\"https:\/\/rvccb.be\/constructeurs\/d\/?lang=nl\">D<\/a>\u00a0<a href=\"https:\/\/rvccb.be\/constructeurs\/e\/?lang=nl\">E<\/a>\u00a0<a href=\"https:\/\/rvccb.be\/constructeurs\/f\/?lang=nl\">F<\/a>\u00a0<a href=\"https:\/\/rvccb.be\/constructeurs\/g\/?lang=nl\">G<\/a>\u00a0<a href=\"https:\/\/rvccb.be\/constructeurs\/h\/?lang=nl\">H<\/a>\u00a0<span style=\"font-size: 36pt;\"><a href=\"https:\/\/rvccb.be\/constructeurs\/i\/?lang=nl\">I<\/a><\/span>\u00a0<a href=\"https:\/\/rvccb.be\/constructeurs\/j\/?lang=nl\">J<\/a>\u00a0<a href=\"https:\/\/rvccb.be\/constructeurs\/k\/?lang=nl\">K<\/a>\u00a0<a href=\"https:\/\/rvccb.be\/constructeurs\/l\/?lang=nl\">L<\/a>\u00a0<a href=\"https:\/\/rvccb.be\/constructeurs\/m\/?lang=nl\">M<\/a>\u00a0<a href=\"https:\/\/rvccb.be\/constructeurs\/n\/?lang=nl\">N<\/a>\u00a0<a href=\"https:\/\/rvccb.be\/constructeurs\/o\/?lang=nl\">O<\/a>\u00a0<a href=\"https:\/\/rvccb.be\/constructeurs\/p\/?lang=nl\">P<\/a>\u00a0<a href=\"https:\/\/rvccb.be\/constructeurs\/q\/?lang=nl\">Q<\/a>\u00a0<a href=\"https:\/\/rvccb.be\/constructeurs\/r\/?lang=nl\">R<\/a>\u00a0<a href=\"https:\/\/rvccb.be\/constructeurs\/s\/?lang=nl\">S<\/a>\u00a0<a href=\"https:\/\/rvccb.be\/constructeurs\/t\/?lang=nl\">T<\/a>\u00a0<a href=\"https:\/\/rvccb.be\/constructeurs\/u\/?lang=nl\">U<\/a>\u00a0<a href=\"https:\/\/rvccb.be\/constructeurs\/v\/?lang=nl\">V<\/a>\u00a0<a href=\"https:\/\/rvccb.be\/constructeurs\/w\/?lang=nl\">W<\/a>\u00a0<a href=\"https:\/\/rvccb.be\/constructeurs\/x\/?lang=nl\">X<\/a>\u00a0<a href=\"https:\/\/rvccb.be\/constructeurs\/y\/?lang=nl\">Y<\/a>\u00a0<a href=\"https:\/\/rvccb.be\/constructeurs\/z\/?lang=nl\">Z<\/a><\/span><\/p>\n<p>[\/et_pb_text][\/et_pb_column][\/et_pb_row][\/et_pb_section][et_pb_section fb_built=&#8221;1&#8243; custom_padding_last_edited=&#8221;on|desktop&#8221; _builder_version=&#8221;4.16&#8243; background_color=&#8221;rgba(255,255,255,0)&#8221; custom_padding_tablet=&#8221;50px|0|50px|0&#8243; custom_padding_phone=&#8221;&#8221; custom_css_main_element=&#8221;margin-top: -50px;&#8221; transparent_background=&#8221;on&#8221; padding_mobile=&#8221;off&#8221; make_fullwidth=&#8221;off&#8221; use_custom_width=&#8221;off&#8221; width_unit=&#8221;on&#8221; global_colors_info=&#8221;{}&#8221;][et_pb_row padding_mobile=&#8221;off&#8221; column_padding_mobile=&#8221;on&#8221; _builder_version=&#8221;4.16&#8243; background_size=&#8221;initial&#8221; background_position=&#8221;top_left&#8221; background_repeat=&#8221;repeat&#8221; custom_margin=&#8221;-40px|||&#8221; make_fullwidth=&#8221;off&#8221; use_custom_width=&#8221;off&#8221; width_unit=&#8221;on&#8221; global_colors_info=&#8221;{}&#8221; column_structure=&#8221;1_3,1_3,1_3&#8243;][et_pb_column type=&#8221;1_3&#8243; _builder_version=&#8221;4.16&#8243; custom_padding=&#8221;|||&#8221; global_colors_info=&#8221;{}&#8221; custom_padding__hover=&#8221;|||&#8221;][et_pb_text _builder_version=&#8221;4.24.0&#8243; background_size=&#8221;initial&#8221; background_position=&#8221;top_left&#8221; background_repeat=&#8221;repeat&#8221; custom_margin=&#8221;-30px|||&#8221; hover_enabled=&#8221;0&#8243; use_border_color=&#8221;off&#8221; border_color=&#8221;#ffffff&#8221; border_style=&#8221;solid&#8221; global_colors_info=&#8221;{}&#8221; text_text_color=&#8221;#000000&#8243; sticky_enabled=&#8221;0&#8243;]<\/p>\n<p><span style=\"font-size: 12pt;\"><a href=\"#IMPERIA\"><strong><b>IMPERIA<\/b><br \/><\/strong><\/a><\/span><\/p>\n<p>&nbsp;<\/p>\n<p>[\/et_pb_text][\/et_pb_column][et_pb_column type=&#8221;1_3&#8243; _builder_version=&#8221;4.16&#8243; custom_padding=&#8221;|||&#8221; global_colors_info=&#8221;{}&#8221; custom_padding__hover=&#8221;|||&#8221;][\/et_pb_column][et_pb_column type=&#8221;1_3&#8243; _builder_version=&#8221;4.16&#8243; custom_padding=&#8221;|||&#8221; global_colors_info=&#8221;{}&#8221; custom_padding__hover=&#8221;|||&#8221;][\/et_pb_column][\/et_pb_row][et_pb_row padding_mobile=&#8221;off&#8221; column_padding_mobile=&#8221;on&#8221; module_class=&#8221; et_pb_row_fullwidth&#8221; _builder_version=&#8221;4.16&#8243; background_size=&#8221;initial&#8221; background_position=&#8221;top_left&#8221; background_repeat=&#8221;repeat&#8221; width=&#8221;89%&#8221; width_tablet=&#8221;80%&#8221; width_last_edited=&#8221;on|desktop&#8221; max_width=&#8221;89%&#8221; max_width_tablet=&#8221;80%&#8221; max_width_last_edited=&#8221;on|desktop&#8221; make_fullwidth=&#8221;on&#8221; use_custom_width=&#8221;off&#8221; width_unit=&#8221;on&#8221; global_colors_info=&#8221;{}&#8221; width_phone=&#8221;80%&#8221; max_width_phone=&#8221;80%&#8221;][et_pb_column type=&#8221;4_4&#8243; _builder_version=&#8221;4.16&#8243; custom_padding=&#8221;|||&#8221; global_colors_info=&#8221;{}&#8221; custom_padding__hover=&#8221;|||&#8221;][et_pb_divider color=&#8221;#ffffff&#8221; disabled_on=&#8221;on|on|off&#8221; _builder_version=&#8221;4.16&#8243; height=&#8221;5px&#8221; hide_on_mobile=&#8221;on&#8221; global_colors_info=&#8221;{}&#8221;][\/et_pb_divider][\/et_pb_column][\/et_pb_row][\/et_pb_section][et_pb_section fb_built=&#8221;1&#8243; custom_padding_last_edited=&#8221;on|desktop&#8221; _builder_version=&#8221;4.16&#8243; background_color=&#8221;rgba(255,255,255,0)&#8221; custom_padding_tablet=&#8221;50px|0|50px|0&#8243; custom_padding_phone=&#8221;&#8221; transparent_background=&#8221;on&#8221; padding_mobile=&#8221;off&#8221; make_fullwidth=&#8221;off&#8221; use_custom_width=&#8221;off&#8221; width_unit=&#8221;on&#8221; global_colors_info=&#8221;{}&#8221;][et_pb_row padding_mobile=&#8221;off&#8221; column_padding_mobile=&#8221;on&#8221; module_class=&#8221; et_pb_row_fullwidth&#8221; _builder_version=&#8221;4.16&#8243; background_size=&#8221;initial&#8221; background_position=&#8221;top_left&#8221; background_repeat=&#8221;repeat&#8221; width=&#8221;89%&#8221; width_tablet=&#8221;80%&#8221; width_last_edited=&#8221;on|desktop&#8221; max_width=&#8221;89%&#8221; max_width_tablet=&#8221;80%&#8221; max_width_last_edited=&#8221;on|desktop&#8221; custom_margin=&#8221;-100px|||&#8221; make_fullwidth=&#8221;on&#8221; use_custom_width=&#8221;off&#8221; width_unit=&#8221;on&#8221; global_colors_info=&#8221;{}&#8221; width_phone=&#8221;80%&#8221; max_width_phone=&#8221;80%&#8221;][et_pb_column type=&#8221;4_4&#8243; _builder_version=&#8221;4.16&#8243; custom_padding=&#8221;|||&#8221; global_colors_info=&#8221;{}&#8221; custom_padding__hover=&#8221;|||&#8221;][et_pb_text admin_label=&#8221;IMPERIA&#8221; module_id=&#8221;IMPERIA&#8221; _builder_version=&#8221;4.24.0&#8243; background_size=&#8221;initial&#8221; background_position=&#8221;top_left&#8221; background_repeat=&#8221;repeat&#8221; background_layout=&#8221;dark&#8221; hover_enabled=&#8221;0&#8243; use_border_color=&#8221;off&#8221; border_color=&#8221;#ffffff&#8221; border_style=&#8221;solid&#8221; global_colors_info=&#8221;{}&#8221; text_text_color=&#8221;#000000&#8243; sticky_enabled=&#8221;0&#8243;]<\/p>\n<p class=\"p2\"><span style=\"color: #ff5b5b;\"><b><span style=\"font-size: 14pt;\">IMPERIA\u00a0\u00a0\u00a0\u00a0\u00a01905-1958<\/span><\/b><\/span><span style=\"font-size: 12pt;\"><br \/>Nessonvaux (Li\u00e8ge)<\/span><\/p>\n<p class=\"p3\"><span style=\"font-size: 12pt;\">Parmi les grandes marques belges, IMPERIA occupe sans conteste une place particuli\u00e8re avec une activit\u00e9 de constructeur automobile d&#8217;un demi si\u00e8cle et une pr\u00e9sence significative en comp\u00e9tition, tant en Belgique qu&#8217;\u00e0 l&#8217;\u00e9tranger.<\/span><\/p>\n<p class=\"p3\"><b><img loading=\"lazy\" decoding=\"async\" class=\"size-full wp-image-202263 alignleft\" src=\"https:\/\/rvccb.be\/wp-content\/uploads\/2016\/09\/Logo-Imperia.png\" alt=\"logo-imperia\" width=\"120\" height=\"120\" srcset=\"https:\/\/rvccb.be\/wp-content\/uploads\/2016\/09\/Logo-Imperia.png 120w, https:\/\/rvccb.be\/wp-content\/uploads\/2016\/09\/Logo-Imperia-100x100.png 100w\" sizes=\"(max-width: 120px) 100vw, 120px\" \/>1. P\u00e9riode 1905 \u00e0 1914<br \/>Automobiles IMPERIA Li\u00e8ge-Nessonvaux (PIEDBOEUF &#8211; IMPERIA)<\/b><\/p>\n<p class=\"p3\">Adrien G. PIEDBOEUF fut le fondateur de la marque. Il commen\u00e7a sa carri\u00e8re \u00e0 Aix-la-Chapelle o\u00f9 il exploitait une agence de la marque belge METALLURGIQUE. On lui doit l&#8217;\u00e9cusson de la marque IMPERIA, couronne rappelant Aix-la-Chapelle et l&#8217;Empire de Charlemagne.<\/p>\n<p class=\"p3\">Les premi\u00e8res IMPERIA seront construites \u00e0 partir de 1905 dans les Ateliers PIEDBOEUF \u00e0 Li\u00e8ge, suivant la conception de l&#8217;ing\u00e9nieur allemand Paul HENZE. Il s&#8217;agissait d&#8217;un moteur de 4 cyl. de 4,9 litres de cylindr\u00e9e et d&#8217;une puissance de 20\/30 cv. avec magn\u00e9to \u00e0 basse tension, allumage par bobine, boite 4 vitesses et entra\u00eenement par arbre ou par cha\u00eene lat\u00e9rale. Avec le rachat en 1908 des Usines PIEPER de Nessonvaux, IMPERIA d\u00e9place le si\u00e8ge de ses activit\u00e9s de Li\u00e8ge vers la r\u00e9gion vervi\u00e9toise.<\/p>\n<p class=\"p3\">Suit alors la mise en production d&#8217;une 3 litres de cylindr\u00e9e \u00e0 entra\u00eenement par arbre et, en 1909, d&#8217;un 4 cyl. de 1767 cc. coul\u00e9 d&#8217;un bloc, sans oublier l&#8217;imposant 9,9 l. de 50\/60 cv. \u00e0 entra\u00eenement par cha\u00eene, mod\u00e8le inspir\u00e9 de la KAISERPREIS. En 1912 intervient la fusion d&#8217;IMPERIA et de SPRINGUEL, Jules SPRINGUEL prenant alors la direction de l&#8217;association. Son nom dispara\u00eetra assez rapidement de la marque qui produira sous le nom d&#8217;IMPERIA des mod\u00e8les SPRINGUEL avec soupapes d&#8217;admission situ\u00e9es au dessus des soupapes d&#8217;\u00e9chappement. A l&#8217;aube de la Grande Guerre, IMPERIA offrait \u00e0 sa client\u00e8le une gamme \u00e9tendue et soign\u00e9e de 4 cyl. \u00e0 soupapes lat\u00e9rales de 1,8 I., 2,6 I., 3,6 l. et 5 litres de cylindr\u00e9e.<br \/>Mais l&#8217;histoire de la firme IMPERIA serait incompl\u00e8te si nous n&#8217;\u00e9voquions pas ses liens avec Francisco ABADAL, agent d&#8217;HISPANO-SUIZA \u00e0 Madrid puis \u00e0 Barcelone qui, \u00e0 partir de 1912, se lan\u00e7a dans la construction de voitures portant son nom et dont les blocs-moteurs et les ch\u00e2ssis provenaient &#8211; selon toute vraisemblance &#8211; des Usines IMPERIA.<\/p>\n<p class=\"p3\">De 1907 \u00e0 1913 IMPERIA participera \u00e0 de nombreuses \u00e9preuves sportives, tant en Belgique qu&#8217;\u00e0 l&#8217;\u00e9tranger.<br \/>Ses succ\u00e8s contribu\u00e8rent \u00e0 asseoir la notori\u00e9t\u00e9 de la marque d&#8217;autant qu&#8217;il s&#8217;agissait le plus souvent de voitures de s\u00e9rie utilisant des carrosseries all\u00e9g\u00e9es. Parmi les multiples participations d&#8217;IMPERIA en course, retenons notamment :<br \/>&#8211; en 1907 au Circuit des Ardennes o\u00f9 trois voitures sont inscrites dans la formule \u201cKAISERPREIS\u201d;<br \/>&#8211; en 1908 sa participation au Meeting d&#8217;Ostende et au meeting de Spa ou elle s&#8217;octroie la victoire dans sa cat\u00e9gorie avec une 1764 cc. ;<br \/>&#8211; en 1909 \u00e0 la Coupe de la Meuse o\u00f9 elle remporte la cat\u00e9gorie \u201ctourisme\u201d et \u201cvoitures ferm\u00e9es\u201d, \u00e0 la Semaine d&#8217;Ostende et \u00e0 la Coupe d&#8217;Ostende qu&#8217;elle remporte \u00e9galement ;<br \/>&#8211; en 1910 o\u00f9 elle s&#8217;adjuge les deux premi\u00e8res places de la course de c\u00f4te de BETHANE (r\u00e9gion mosane) en cat\u00e9gorie \u201cvoitures ferm\u00e9es\u201d, participe \u00e0 la Semaine d&#8217;Ostende et se distingue sur la piste des BROOKLANDS en atteignant la vitesse de 144 km\/h. ;<br \/>&#8211; en 1913 o\u00f9 les SPRINGUEL-IMPERIA s&#8217;octroient les trois premi\u00e8res places de la Course de Huy, et remportent la Semaine d&#8217;Ostende et le Meeting de Spa.<br \/>Un tel palmar\u00e8s sportif pla\u00e7ait la marque de Nessonvaux parmi les meilleures voitures de l&#8217;\u00e9poque.<\/p>\n<p class=\"p3\"><b>2. P\u00e9riode de 1918 \u00e0 1929<br \/>Automobiles IMPERIA S.A., Anc. Ets. SPRINGUEL, Huy, Mathieu VAN ROGGEN, Nessonvaux<\/b><\/p>\n<p class=\"p3\">Pendant la p\u00e9riode de guerre, la firme n&#8217;eut aucune activit\u00e9. La paix revenue, c&#8217;est un nouveau patron qui allait prendre en mains les destin\u00e9es des marbreries de Sprimont, VAN ROGGEN poss\u00e9dait depuis 1914 la marque automobile ATA (Usines TEXEIRA) qui s&#8217;int\u00e9gra dans le groupe IMPERIA. Il rach\u00e8te alors le brevet de fabrication de la marque espagnole ABADAL et propose d\u00e8s 1919 une type E de 3 litres et une type T de 3,6 1 de cylindr\u00e9e, laquelle sera produite en s\u00e9rie limit\u00e9e jusqu&#8217;en 1922.<\/p>\n<p class=\"p3\">L&#8217;IMPERIA-ABDAL de 8 cylindres et 6 litres de cylindr\u00e9e restera au stade de prototype, tout comme l&#8217;\u00e9ph\u00e9m\u00e8re, bien que prometteur, mod\u00e8le sport de 4 cylindres et 3 litres de cylindr\u00e9e avec arbre \u00e0 cames en t\u00eate et 16 soupapes.<br \/>Les IMPERIA-ABADAL qui ressemblaient \u00e0 l&#8217;HISPANO-SUIZA, adopt\u00e8rent alors un \u00e9l\u00e9gant radiateur en coupe-vent qui \u00e9quipera ensuite toutes les IMPERIA. Trois IMPERIA-ABADAL furent pr\u00e9par\u00e9es pour le Grand Prix de Belgique organis\u00e9 \u00e0 Spa-Francorchamps en 1922 par le RACB. Une seule terminera, celle conduite par de TORNACO qui remporta l&#8217;\u00e9preuve en couvrant les 600 km \u00e0 89 km\/h de moyenne.<\/p>\n<p class=\"p3\">Mais la direction d&#8217;IMPERIA estimait plus rentable de d\u00e9velopper la construction de v\u00e9hicules plus \u00e9conomiques et de plus grande diffusion. Elle chargea alors l&#8217;ing\u00e9nieur COUCHARD &#8211; ancien chef des services d&#8217;\u00e9tudes de la F.N. &#8211; de pr\u00e9parer un tout nouveau mod\u00e8le dont l&#8217;originalit\u00e9 de la m\u00e9canique allait surprendre les constructeurs de l&#8217;\u00e9poque.<br \/>Cette nouvelle petite IMPERIA qui sera baptis\u00e9e \u00e0 ses d\u00e9buts &#8221; Imp\u00e9ria &#8211; Tili &#8221; \u00e9tait \u00e9quip\u00e9e d&#8217;un nouveau moteur sans soupape dont la distribution originale \u00e9tait assur\u00e9e pour chaque cylindre par deux tiroirs coulissant dans des gorges taill\u00e9es dans l&#8217;al\u00e9sage du cylindre et command\u00e9s chacun par un arbre \u00e0 cames, les cames assurant tant l&#8217;ouverture que la fermeture des tiroirs. En outre, l&#8217;admission et l&#8217;\u00e9chappement des gaz se faisant de part et d&#8217;autre du bloc cylindre, la culasse se r\u00e9sumait en un simple couvercle dans lequel la bougie se trouvait dans l&#8217;axe du cylindre, c&#8217;est-\u00e0-dire dans la position la plus favorable \u00e0 une bonne combustion. La valeur de la solution s&#8217;exprime dans une puissance de 27 cv\/litre, \u00e0 une \u00e9poque o\u00f9 les valeurs de l&#8217;ordre de 20 cv\/litre \u00e9taient consid\u00e9r\u00e9es comme \u00ealev\u00e9es.<\/p>\n<p class=\"p3\">Le syst\u00e8me COUCHARD, tr\u00e8s diff\u00e9rent du sans soupape de type KNIGHT \u00e0 double fourreau command\u00e9 par deux arbres excentriques &#8211; adopt\u00e9 par les marques PANHARD-LEVASSOR, MINERVA, DAIMLER et VOISIN &#8211; avait l&#8217;avantage d&#8217;\u00eatre d&#8217;un co\u00fbt de construction beaucoup moins \u00e9lev\u00e9 et par cons\u00e9quent mieux adapt\u00e9 \u00e0 une petite voiture. Ce moteur 4 cylindres de 1100 cc. capable de tourner plus vite que ses concurrents &#8211; ce que n&#8217;autorisait pas un moteur traditionnel \u00e0 soupapes &#8211; avait donc un rendement exceptionnel et ses performances amen\u00e8rent VAN ROGGEN \u00e0 le faire participer \u00e0 de multiples comp\u00e9titions.<\/p>\n<p class=\"p3\">Ce seront les 200 miles de BROOKLANDS o\u00f9 elle d\u00e9passera les 130 km\/h, les journ\u00e9es des records de OOSTMALLE o\u00f9 elle s&#8217;attribuera deux records belges du kilom\u00e8tre en 1100 cc., le rallye de MONTE-CARLO de 1925 dont elle remportera les trois premi\u00e8res places, r\u00e9\u00e9ditant l&#8217;exploit au Grand Prix de Belgique de Spa &#8211; Francorchamps la m\u00eame ann\u00e9e.<br \/>Produite \u00e0 plus de 1100 exemplaires de 1925 \u00e0 1927, la petite sans soupape \u00e9voluera entre 1927 et 1929, suivant la m\u00eame technique, avec un six cylindres de 1650 cc. puis de 1800 ce. encore plus performant. Le moteur n&#8217;\u00e9tait pas la seule particularit\u00e9 de cette petite IMPERIA sans soupape qui se signalait aussi par l&#8217;excellence de ses freins assist\u00e9s par le servofrein IMPERIA, la pr\u00e9cision de la direction et son comportement routier.<\/p>\n<p class=\"p3\">En 1929, les bons r\u00e9sultats financiers de l&#8217;entreprise poussent VAN ROGGEN \u00e0 se rapprocher des march\u00e9s \u00e9trangers.<br \/>C&#8217;est ainsi que des accords furent pass\u00e9s en France avec les Ateliers VOISIN &#8211; lesquels carrosseront dans un style tr\u00e8s particulier quelques 6 cylindres IMPERIA &#8211; et en Angleterre avec l&#8217;usine G.W.K. Ces tentatives demeur\u00e8rent cependant sans suite pratique pour l&#8217;entreprise, m\u00eame si les soci\u00e9t\u00e9s VOISIN et IMPERIA avaient souscrit des participations financi\u00e8res crois\u00e9es et comptaient des repr\u00e9sentants aux Conseils d&#8217;Administration de ces soci\u00e9t\u00e9s.<\/p>\n<p class=\"p3\"><b>3. P\u00e9riode de 1929 \u00e0 1940<br \/>S.A. des Automobiles IMPERIA-EXCELSIOR et Groupe MINERVA-IMPERIA<\/b><\/p>\n<p class=\"p3\">Mathieu VAN ROGGEN &#8211; \u00e0 l&#8217;image de la GENERAL MOTORS aux Etats-Unis &#8211; tente alors de regrouper l&#8217;industrie automobile belge pour faire face \u00e0 l&#8217;importation massive des voitures am\u00e9ricaines. IMPERIA rach\u00e8te ainsi les firmes EXCELSIOR, NAGANT et l&#8217;usine de METALLURGIQUE &#8211; dont il d\u00e9montera l&#8217;outillage pour renforcer celui de NESSONVAUX avant de revendre le b\u00e2timent \u00e0 MINERVA &#8211; ainsi que les Ateliers de Carrosserie MATTHYS Fr\u00e8res et OSY. Ces derniers qui avaient r\u00e9alis\u00e9 de belles carrosseries sport sur ch\u00e2ssis IMPERIA \u00e9taient rest\u00e9s le carrossier attitr\u00e9 de la marque.<\/p>\n<p class=\"p3\"><img loading=\"lazy\" decoding=\"async\" class=\"size-medium wp-image-202264 alignleft\" src=\"https:\/\/rvccb.be\/wp-content\/uploads\/2016\/09\/Imperia-Type-7.jpg\" alt=\"imperia-type-7\" width=\"300\" height=\"255\" srcset=\"https:\/\/rvccb.be\/wp-content\/uploads\/2016\/09\/Imperia-Type-7.jpg 330w, https:\/\/rvccb.be\/wp-content\/uploads\/2016\/09\/Imperia-Type-7-300x255.jpg 300w\" sizes=\"(max-width: 300px) 100vw, 300px\" \/>Cependant, l&#8217;arriv\u00e9e de la grande crise plongera IMPERIA dans de graves difficult\u00e9s financi\u00e8res, l&#8217;emp\u00eachant de mettre \u00e0 l&#8217;\u00e9tude de nouveaux mod\u00e8les. Les types N-4 et N-6 sans soupape ne sont, en 1933, qu&#8217;une p\u00e2le \u00e9volution des mod\u00e8les pr\u00e9c\u00e9dents bien qu&#8217;\u00e9quip\u00e9s cette fois d&#8217;un freinage hydraulique. Fin 1933 IMPERIA sauve encore la situation en n\u00e9gociant avec l&#8217;usine allemande ADLER de Francfort la construction sous licence de ses mod\u00e8les TRUMPF \u00e0 traction avant dessin\u00e9s par l&#8217;ing\u00e9nieur ROHR. IMPERIA importait alors les moteurs et transmissions, mais construisait les ch\u00e2ssis, suspensions et carrosseries.<\/p>\n<p class=\"p3\">En 1935, Mathieu VAN ROGGEN rach\u00e8te ce qui subsiste de MINERVA apr\u00e8s la retentissante faillite de la marque en 1934 pour fonder, par fusion ou absorption, le Groupe MINERVA-IMPERIA qui subsistera jusqu&#8217;en 1940. Avec cette fusion disparaissait la derni\u00e8re compagnie belge produisant encore des voitures particuli\u00e8res ainsi que les gros moteurs sans soupape fabriqu\u00e9s \u00e0 Anvers par MINERVA.<\/p>\n<p class=\"p3\">De la production sous licence ADLER sortiront des usines de Nessonvaux un assez grand nombre de v\u00e9hicules dont diff\u00e9rents mod\u00e8les m\u00e9ritent d&#8217;\u00eatre mis en \u00e9vidence.<br \/>Il s&#8217;agit notamment<br \/>&#8211; des IMPERIA 9\/40 HP type ALBATROS et DIANE (TA-9), conduites int\u00e9rieures \u00e9quip\u00e9es d&#8217;un 4 cyl. de 1645 cc. (74,25 x 95) ainsi que de l&#8217;IMPERIA SPORT;<br \/>&#8211; de l&#8217;IMPERIA TA-7 \u00e0 deux portes, d\u00e9couvrable, type HIRONDELLE, disposant d&#8217;un 4 cyl. de 995 cc. d\u00e9veloppant 25 cv, au frein ;<br \/>&#8211; de l&#8217;IMPERIA TA-11 type JUPITER \u00e9quip\u00e9e d&#8217;un 4 cyl. de 1912 cc. d\u00e9veloppant 50 cv. au frein.<\/p>\n<p class=\"p3\">IMPERIA engagera r\u00e9guli\u00e8rement ses versions sport dans des \u00e9preuves belges telles celles de Francorchamps en 1934, 1936 et 1938 o\u00f9 ses voitures remporteront la Coupe du Roi. Avec la fusion MINERVA-IMPERIA appara\u00eetra un V8 transversal de 3,6 l, \u00e0 traction avant qui ne jouera cependant aucun r\u00f4le dans les comp\u00e9titions sportives. Nous ne saurions passer sous silence les travaux particuli\u00e8rement int\u00e9ressants poursuivis \u00e0 partir de 1936 par MM, ROBIN et VAN ROGGEN pour mise au point d&#8217;un transformateur de vitesse continu et automatique dont seront \u00e9quip\u00e9s entre 1936 et 1939 les gros 8 cyl. de la marque.<\/p>\n<p class=\"p3\">Avec l&#8217;arriv\u00e9e du conflit mondial de 1940, VAN ROGGEN c\u00e8de l&#8217;usine de Nessonvaux au groupe lainier vervi\u00e9tois GERARD-HAUZEUR qui, sous la pression de l&#8217;Allemagne nazie, avait contribu\u00e9 au troc et \u00e0 l&#8217;\u00e9change des m\u00e9caniques ADLER contre les textiles vervi\u00e9tois. Il conservera cependant l&#8217;usine MINERVA de Mortsel qui sera occup\u00e9e par les troupes allemandes de 1940 \u00e0 1944 puis par les troupes anglaises de 1944 \u00e0 1947.<\/p>\n<p class=\"p3\">Dans les premiers mois du conflit mondial, l&#8217;usine de Nessonvaux livrera encore, avec l&#8217;autorisation de l&#8217;occupant allemand, quelques TA-7 et TA-1 1 \u00e0 des particuliers \u00e0 condition que ces v\u00e9hicules soient \u00e9quip\u00e9s d&#8217;un gazog\u00e8ne ou de bonbonnes de gaz comprim\u00e9, mais la production cessera tr\u00e8s rapidement lorsque l&#8217;arm\u00e9e allemande occupera l&#8217;usine et d\u00e9cidera de transf\u00e9rer les stocks de pi\u00e8ces en Allemagne. Ainsi durant la p\u00e9riode de guerre, l&#8217;usine de Nessonvaux dut elle assurer la maintenance et la remise en \u00e9tat des camions et autocars de l&#8217;arm\u00e9e allemande, sous la direction de l&#8217;ing\u00e9nieur MULLER nomm\u00e9 par l&#8217;occupant.<\/p>\n<p class=\"p3\"><b><img loading=\"lazy\" decoding=\"async\" class=\"size-medium wp-image-202265 alignright\" src=\"https:\/\/rvccb.be\/wp-content\/uploads\/2016\/09\/Imperia-TA-8.jpg\" alt=\"imperia-ta-8\" width=\"300\" height=\"225\" srcset=\"https:\/\/rvccb.be\/wp-content\/uploads\/2016\/09\/Imperia-TA-8.jpg 350w, https:\/\/rvccb.be\/wp-content\/uploads\/2016\/09\/Imperia-TA-8-300x225.jpg 300w\" sizes=\"(max-width: 300px) 100vw, 300px\" \/>4. La p\u00e9riode post\u00e9rieure \u00e0 la seconde guerre mondiale<\/b><\/p>\n<p class=\"p3\">Le secteur automobile ADLER ayant disparu au cours de la guerre, IMPERIA &#8211; d&#8217;abord mis sous s\u00e9questre &#8211; reprendra sa production par l&#8217;assemblage de quelques 800 ch\u00e2ssis \u00e9quip\u00e9s alors du groupe moto propulseur HOTCHKISS de 1340 cc. et 45 cv. au frein. La TA-8 traction avant \u00e9tait une synth\u00e8se des mod\u00e8les ADLER et AMILCAR d&#8217;avant-guerre. IMPERIA produira \u00e9galement de 1947 \u00e0 1949 quelques petites sport deux places.<\/p>\n<p class=\"p3\">Entre-temps la direction d&#8217;IMPERIA qui avait envisage de n\u00e9gocier avec VW le montage des \u201cCoccinelles\u201d en Belgique, pr\u00e9f\u00e9ra passer un accord avec la firme anglaise STANDARD-TRIUMPH. Des 1946 elle emportera le mod\u00e8le STANDARD-TRIUMPH de 2088 cc., avant d&#8217;en assurer le montage dans l&#8217;usine de Nessonvaux \u00e0 partir de 1948, produisant \u00e9galement les sportives TRIUMPH TR 2. En 1950 pas moins de 300 VANGUARD sortaient mensuellement de la cha\u00eene de montage belge qui produira \u00e9galement quelques exemplaires originaux &#8211; mais peu \u00e9l\u00e9gants &#8211; de cabriolets sur ch\u00e2ssis VANGUARD.<\/p>\n<p class=\"p3\">A cette \u00e9poque, IMPERIA assure \u00e9galement le montage des motos ADLER, des voitures ALFA-ROMEO (la 1900 cc. 4 portes) et des camions B\u00dcSSING, produisant \u00e9galement un grand nombre de machines outils.<\/p>\n<p class=\"p3\">Lorsqu&#8217;en 1958 STANDARD-TRIUMPH d\u00e9cide de monter directement ses voitures dans sa nouvelle usine de Malines, IMPERIA abandonne toute participation dans le secteur automobile. Apr\u00e8s un demi si\u00e8cle d&#8217;activit\u00e9, IMPERIA ferme d\u00e9finitivement ses portes en 1958 et sera mise en liquidation.<\/p>\n<p>[\/et_pb_text][\/et_pb_column][\/et_pb_row][\/et_pb_section]<\/p>\n","protected":false},"excerpt":{"rendered":"<p>&nbsp; BELGISCHE CONTRUCTEURS DOOR DANIEL ABSIL A\u00a0B\u00a0C\u00a0D\u00a0E\u00a0F\u00a0G\u00a0H\u00a0I\u00a0J\u00a0K\u00a0L\u00a0M\u00a0N\u00a0O\u00a0P\u00a0Q\u00a0R\u00a0S\u00a0T\u00a0U\u00a0V\u00a0W\u00a0X\u00a0Y\u00a0Z IMPERIA &nbsp;IMPERIA\u00a0\u00a0\u00a0\u00a0\u00a01905-1958Nessonvaux (Li\u00e8ge) Parmi les grandes marques belges, IMPERIA occupe sans conteste une place particuli\u00e8re avec une activit\u00e9 de constructeur automobile d&#8217;un demi si\u00e8cle et une pr\u00e9sence significative en comp\u00e9tition, tant en Belgique qu&#8217;\u00e0 l&#8217;\u00e9tranger. 1. P\u00e9riode 1905 \u00e0 1914Automobiles IMPERIA Li\u00e8ge-Nessonvaux (PIEDBOEUF &#8211; IMPERIA) Adrien G. PIEDBOEUF [&hellip;]<\/p>\n","protected":false},"author":1320,"featured_media":0,"parent":206947,"menu_order":0,"comment_status":"closed","ping_status":"closed","template":"","meta":{"_et_pb_use_builder":"on","_et_pb_old_content":"","_et_gb_content_width":"","footnotes":""},"class_list":["post-207194","page","type-page","status-publish","hentry"],"jetpack_sharing_enabled":true,"_links":{"self":[{"href":"https:\/\/rvccb.be\/nl\/wp-json\/wp\/v2\/pages\/207194","targetHints":{"allow":["GET"]}}],"collection":[{"href":"https:\/\/rvccb.be\/nl\/wp-json\/wp\/v2\/pages"}],"about":[{"href":"https:\/\/rvccb.be\/nl\/wp-json\/wp\/v2\/types\/page"}],"author":[{"embeddable":true,"href":"https:\/\/rvccb.be\/nl\/wp-json\/wp\/v2\/users\/1320"}],"replies":[{"embeddable":true,"href":"https:\/\/rvccb.be\/nl\/wp-json\/wp\/v2\/comments?post=207194"}],"version-history":[{"count":0,"href":"https:\/\/rvccb.be\/nl\/wp-json\/wp\/v2\/pages\/207194\/revisions"}],"up":[{"embeddable":true,"href":"https:\/\/rvccb.be\/nl\/wp-json\/wp\/v2\/pages\/206947"}],"wp:attachment":[{"href":"https:\/\/rvccb.be\/nl\/wp-json\/wp\/v2\/media?parent=207194"}],"curies":[{"name":"wp","href":"https:\/\/api.w.org\/{rel}","templated":true}]}}