{"id":207206,"date":"2016-09-28T16:40:21","date_gmt":"2016-09-28T14:40:21","guid":{"rendered":"https:\/\/rvccb.be\/?page_id=207206"},"modified":"2023-11-25T10:43:54","modified_gmt":"2023-11-25T09:43:54","slug":"m","status":"publish","type":"page","link":"https:\/\/rvccb.be\/nl\/constructeurs-nl\/m\/","title":{"rendered":"M"},"content":{"rendered":"<p>[et_pb_section fb_built=&#8221;1&#8243; custom_padding_last_edited=&#8221;on|desktop&#8221; _builder_version=&#8221;4.16&#8243; background_color=&#8221;rgba(255,255,255,0)&#8221; custom_padding_tablet=&#8221;50px|0|50px|0&#8243; custom_padding_phone=&#8221;&#8221; transparent_background=&#8221;on&#8221; padding_mobile=&#8221;off&#8221; make_fullwidth=&#8221;off&#8221; use_custom_width=&#8221;off&#8221; width_unit=&#8221;on&#8221; global_colors_info=&#8221;{}&#8221;][et_pb_row padding_mobile=&#8221;off&#8221; column_padding_mobile=&#8221;on&#8221; module_class=&#8221; et_pb_row_fullwidth&#8221; _builder_version=&#8221;4.16&#8243; background_size=&#8221;initial&#8221; background_position=&#8221;top_left&#8221; background_repeat=&#8221;repeat&#8221; width=&#8221;89%&#8221; width_tablet=&#8221;80%&#8221; width_last_edited=&#8221;on|desktop&#8221; max_width=&#8221;89%&#8221; max_width_tablet=&#8221;80%&#8221; max_width_last_edited=&#8221;on|desktop&#8221; make_fullwidth=&#8221;on&#8221; use_custom_width=&#8221;off&#8221; width_unit=&#8221;on&#8221; global_colors_info=&#8221;{}&#8221; width_phone=&#8221;80%&#8221; max_width_phone=&#8221;80%&#8221;][et_pb_column type=&#8221;4_4&#8243; _builder_version=&#8221;4.16&#8243; custom_padding=&#8221;|||&#8221; global_colors_info=&#8221;{}&#8221; custom_padding__hover=&#8221;|||&#8221;][et_pb_text _builder_version=&#8221;4.16&#8243; text_orientation=&#8221;center&#8221; custom_css_main_element=&#8221;padding: 0px;&#8221; use_border_color=&#8221;off&#8221; global_colors_info=&#8221;{}&#8221;]<\/p>\n<p>&nbsp;<\/p>\n<p><span style=\"font-size: 18pt;\">BELGISCHE CONTRUCTEURS DOOR DANIEL ABSIL<\/span><\/p>\n<p><span style=\"font-size: 24pt;\"><span class=\"style68\"><a href=\"https:\/\/rvccb.be\/constructeurs\/a\/?lang=nl\">A<\/a>\u00a0<\/span><a href=\"https:\/\/rvccb.be\/constructeurs\/b\/?lang=nl\">B<\/a>\u00a0<a href=\"https:\/\/rvccb.be\/constructeurs\/c\/?lang=nl\">C<\/a>\u00a0<a href=\"https:\/\/rvccb.be\/constructeurs\/d\/?lang=nl\">D<\/a>\u00a0<a href=\"https:\/\/rvccb.be\/constructeurs\/e\/?lang=nl\">E<\/a>\u00a0<a href=\"https:\/\/rvccb.be\/constructeurs\/f\/?lang=nl\">F<\/a>\u00a0<a href=\"https:\/\/rvccb.be\/constructeurs\/g\/?lang=nl\">G<\/a>\u00a0<a href=\"https:\/\/rvccb.be\/constructeurs\/h\/?lang=nl\">H<\/a>\u00a0<a href=\"https:\/\/rvccb.be\/constructeurs\/i\/?lang=nl\">I<\/a>\u00a0<a href=\"https:\/\/rvccb.be\/constructeurs\/j\/?lang=nl\">J<\/a>\u00a0<a href=\"https:\/\/rvccb.be\/constructeurs\/k\/?lang=nl\">K<\/a>\u00a0<a href=\"https:\/\/rvccb.be\/constructeurs\/l\/?lang=nl\">L<\/a>\u00a0<a href=\"https:\/\/rvccb.be\/constructeurs\/m\/?lang=nl\"><span style=\"font-size: 36pt;\">M<\/span><\/a>\u00a0<a href=\"https:\/\/rvccb.be\/constructeurs\/n\/?lang=nl\">N<\/a>\u00a0<a href=\"https:\/\/rvccb.be\/constructeurs\/o\/?lang=nl\">O<\/a>\u00a0<a href=\"https:\/\/rvccb.be\/constructeurs\/p\/?lang=nl\">P<\/a>\u00a0<a href=\"https:\/\/rvccb.be\/constructeurs\/q\/?lang=nl\">Q<\/a>\u00a0<a href=\"https:\/\/rvccb.be\/constructeurs\/r\/?lang=nl\">R<\/a>\u00a0<a href=\"https:\/\/rvccb.be\/constructeurs\/s\/?lang=nl\">S<\/a>\u00a0<a href=\"https:\/\/rvccb.be\/constructeurs\/t\/?lang=nl\">T<\/a>\u00a0<a href=\"https:\/\/rvccb.be\/constructeurs\/u\/?lang=nl\">U<\/a>\u00a0<a href=\"https:\/\/rvccb.be\/constructeurs\/v\/?lang=nl\">V<\/a>\u00a0<a href=\"https:\/\/rvccb.be\/constructeurs\/w\/?lang=nl\">W<\/a>\u00a0<a href=\"https:\/\/rvccb.be\/constructeurs\/x\/?lang=nl\">X<\/a>\u00a0<a href=\"https:\/\/rvccb.be\/constructeurs\/y\/?lang=nl\">Y<\/a>\u00a0<a href=\"https:\/\/rvccb.be\/constructeurs\/z\/?lang=nl\">Z<\/a><\/span><\/p>\n<p>[\/et_pb_text][\/et_pb_column][\/et_pb_row][\/et_pb_section][et_pb_section fb_built=&#8221;1&#8243; custom_padding_last_edited=&#8221;on|desktop&#8221; _builder_version=&#8221;4.16&#8243; background_color=&#8221;rgba(255,255,255,0)&#8221; custom_padding_tablet=&#8221;50px|0|50px|0&#8243; custom_padding_phone=&#8221;&#8221; custom_css_main_element=&#8221;margin-top: -50px;&#8221; transparent_background=&#8221;on&#8221; padding_mobile=&#8221;off&#8221; make_fullwidth=&#8221;off&#8221; use_custom_width=&#8221;off&#8221; width_unit=&#8221;on&#8221; global_colors_info=&#8221;{}&#8221;][et_pb_row padding_mobile=&#8221;off&#8221; column_padding_mobile=&#8221;on&#8221; _builder_version=&#8221;4.16&#8243; background_size=&#8221;initial&#8221; background_position=&#8221;top_left&#8221; background_repeat=&#8221;repeat&#8221; custom_margin=&#8221;-40px|||&#8221; make_fullwidth=&#8221;off&#8221; use_custom_width=&#8221;off&#8221; width_unit=&#8221;on&#8221; global_colors_info=&#8221;{}&#8221; column_structure=&#8221;1_4,1_4,1_4,1_4&#8243;][et_pb_column type=&#8221;1_4&#8243; _builder_version=&#8221;4.16&#8243; custom_padding=&#8221;|||&#8221; global_colors_info=&#8221;{}&#8221; custom_padding__hover=&#8221;|||&#8221;][et_pb_text _builder_version=&#8221;4.16&#8243; background_size=&#8221;initial&#8221; background_position=&#8221;top_left&#8221; background_repeat=&#8221;repeat&#8221; custom_margin=&#8221;-30px|||&#8221; use_border_color=&#8221;off&#8221; border_color=&#8221;#ffffff&#8221; border_style=&#8221;solid&#8221; global_colors_info=&#8221;{}&#8221;]<\/p>\n<p><span style=\"font-size: 12pt;\"><a href=\"#MALEVEZ\"><strong>MALEVEZ<\/strong><\/a><\/span><\/p>\n<p><span style=\"font-size: 12pt;\"><strong><a href=\"#MANS\">MANS<\/a><\/strong><\/span><\/p>\n<p><span style=\"font-size: 12pt;\"><strong><a href=\"#MATECO\">MATECO<\/a><\/strong><\/span><\/p>\n<p><span style=\"font-size: 12pt;\"><strong><a href=\"#MATHIEU\">MATHIEU<\/a><\/strong><\/span><\/p>\n<p><span style=\"font-size: 12pt;\"><strong><a href=\"#MATHOMOBILE\">MATHOMOBILE<\/a><\/strong><\/span><\/p>\n<p><span style=\"font-size: 12pt;\"><strong><a href=\"#MATTHYS\">MATTHYS J.<\/a><\/strong><\/span><\/p>\n<p>[\/et_pb_text][\/et_pb_column][et_pb_column type=&#8221;1_4&#8243; _builder_version=&#8221;4.16&#8243; custom_padding=&#8221;|||&#8221; global_colors_info=&#8221;{}&#8221; custom_padding__hover=&#8221;|||&#8221;][et_pb_text _builder_version=&#8221;4.16&#8243; background_size=&#8221;initial&#8221; background_position=&#8221;top_left&#8221; background_repeat=&#8221;repeat&#8221; custom_margin=&#8221;-30px|||&#8221; use_border_color=&#8221;off&#8221; border_color=&#8221;#ffffff&#8221; border_style=&#8221;solid&#8221; global_colors_info=&#8221;{}&#8221;]<\/p>\n<p><span style=\"font-size: 12pt;\"><strong><a href=\"#OSY\">MATTHYS Fr\u00e8res et OSY<\/a><\/strong><\/span><\/p>\n<p><span style=\"font-size: 12pt;\"><strong><a href=\"#EUGENE\">MATTHYS Eug\u00e8ne<\/a><\/strong><\/span><\/p>\n<p><span style=\"font-size: 12pt;\"><strong><a href=\"#MEAN\">MEAN<\/a><\/strong><\/span><\/p>\n<p><span style=\"font-size: 12pt;\"><strong><a href=\"#MOTEURS\">MECANIQUE et MOTEURS<\/a><\/strong><\/span><\/p>\n<p><span style=\"font-size: 12pt;\"><strong><a href=\"#METALLURGIQUE\">METALLURGIQUE<\/a><\/strong><\/span><\/p>\n<p><span style=\"font-size: 12pt;\"><strong><a href=\"#METEOR\">METEOR<\/a><\/strong><\/span><\/p>\n<p>[\/et_pb_text][\/et_pb_column][et_pb_column type=&#8221;1_4&#8243; _builder_version=&#8221;4.16&#8243; custom_padding=&#8221;|||&#8221; global_colors_info=&#8221;{}&#8221; custom_padding__hover=&#8221;|||&#8221;][et_pb_text _builder_version=&#8221;4.16&#8243; background_size=&#8221;initial&#8221; background_position=&#8221;top_left&#8221; background_repeat=&#8221;repeat&#8221; custom_margin=&#8221;-30px|||&#8221; use_border_color=&#8221;off&#8221; border_color=&#8221;#ffffff&#8221; border_style=&#8221;solid&#8221; global_colors_info=&#8221;{}&#8221;]<\/p>\n<p><span style=\"font-size: 12pt;\"><strong><a href=\"#MICHOTTE\">MICHOTTE<\/a><\/strong><\/span><\/p>\n<p><span style=\"font-size: 12pt;\"><strong><a href=\"#MIESSE\">MIESSE<\/a><\/strong><\/span><\/p>\n<p><span style=\"font-size: 12pt;\"><strong><a href=\"#MIGNOT\">MIGNOT<\/a><\/strong><\/span><\/p>\n<p><span style=\"font-size: 12pt;\"><strong><a href=\"#MINARI\">MINARI<\/a><\/strong><\/span><\/p>\n<p><span style=\"font-size: 12pt;\"><strong><a href=\"#MINERVA\">MINERVA<\/a><\/strong><\/span><\/p>\n<p>[\/et_pb_text][\/et_pb_column][et_pb_column type=&#8221;1_4&#8243; _builder_version=&#8221;4.16&#8243; custom_padding=&#8221;|||&#8221; global_colors_info=&#8221;{}&#8221; custom_padding__hover=&#8221;|||&#8221;][et_pb_text _builder_version=&#8221;4.16&#8243; background_size=&#8221;initial&#8221; background_position=&#8221;top_left&#8221; background_repeat=&#8221;repeat&#8221; custom_margin=&#8221;-30px|||&#8221; use_border_color=&#8221;off&#8221; border_color=&#8221;#ffffff&#8221; border_style=&#8221;solid&#8221; global_colors_info=&#8221;{}&#8221;]<\/p>\n<p><span style=\"font-size: 12pt;\"><strong><a href=\"#MINET\">MINET<\/a><\/strong><\/span><\/p>\n<p><span style=\"font-size: 12pt;\"><strong><a href=\"#MINEUR\">MINEUR<\/a><\/strong><\/span><\/p>\n<p><span style=\"font-size: 12pt;\"><strong><a href=\"#MISTRAL\">MISTRAL<\/a><\/strong><\/span><\/p>\n<p><span style=\"font-size: 12pt;\"><strong><a href=\"#MOL\">MOL<\/a><\/strong><\/span><\/p>\n<p><span style=\"font-size: 12pt;\"><strong><a href=\"#MOUSTIQUE\">MOUSTIQUE<\/a><\/strong><\/span><\/p>\n<p>[\/et_pb_text][\/et_pb_column][\/et_pb_row][et_pb_row padding_mobile=&#8221;off&#8221; column_padding_mobile=&#8221;on&#8221; module_class=&#8221; et_pb_row_fullwidth&#8221; _builder_version=&#8221;4.16&#8243; background_size=&#8221;initial&#8221; background_position=&#8221;top_left&#8221; background_repeat=&#8221;repeat&#8221; width=&#8221;89%&#8221; width_tablet=&#8221;80%&#8221; width_last_edited=&#8221;on|desktop&#8221; max_width=&#8221;89%&#8221; max_width_tablet=&#8221;80%&#8221; max_width_last_edited=&#8221;on|desktop&#8221; make_fullwidth=&#8221;on&#8221; use_custom_width=&#8221;off&#8221; width_unit=&#8221;on&#8221; global_colors_info=&#8221;{}&#8221; width_phone=&#8221;80%&#8221; max_width_phone=&#8221;80%&#8221;][et_pb_column type=&#8221;4_4&#8243; _builder_version=&#8221;4.16&#8243; custom_padding=&#8221;|||&#8221; global_colors_info=&#8221;{}&#8221; custom_padding__hover=&#8221;|||&#8221;][et_pb_divider color=&#8221;#ffffff&#8221; disabled_on=&#8221;on|on|off&#8221; _builder_version=&#8221;4.16&#8243; height=&#8221;5px&#8221; hide_on_mobile=&#8221;on&#8221; global_colors_info=&#8221;{}&#8221;][\/et_pb_divider][\/et_pb_column][\/et_pb_row][\/et_pb_section][et_pb_section fb_built=&#8221;1&#8243; custom_padding_last_edited=&#8221;on|desktop&#8221; _builder_version=&#8221;4.16&#8243; background_color=&#8221;rgba(255,255,255,0)&#8221; custom_padding_tablet=&#8221;50px|0|50px|0&#8243; custom_padding_phone=&#8221;&#8221; transparent_background=&#8221;on&#8221; padding_mobile=&#8221;off&#8221; make_fullwidth=&#8221;off&#8221; use_custom_width=&#8221;off&#8221; width_unit=&#8221;on&#8221; global_colors_info=&#8221;{}&#8221;][et_pb_row padding_mobile=&#8221;off&#8221; column_padding_mobile=&#8221;on&#8221; module_class=&#8221; et_pb_row_fullwidth&#8221; _builder_version=&#8221;4.16&#8243; background_size=&#8221;initial&#8221; background_position=&#8221;top_left&#8221; background_repeat=&#8221;repeat&#8221; width=&#8221;89%&#8221; width_tablet=&#8221;80%&#8221; width_last_edited=&#8221;on|desktop&#8221; max_width=&#8221;89%&#8221; max_width_tablet=&#8221;80%&#8221; max_width_last_edited=&#8221;on|desktop&#8221; custom_margin=&#8221;-100px|||&#8221; make_fullwidth=&#8221;on&#8221; use_custom_width=&#8221;off&#8221; width_unit=&#8221;on&#8221; global_colors_info=&#8221;{}&#8221; width_phone=&#8221;80%&#8221; max_width_phone=&#8221;80%&#8221;][et_pb_column type=&#8221;4_4&#8243; _builder_version=&#8221;4.16&#8243; custom_padding=&#8221;|||&#8221; global_colors_info=&#8221;{}&#8221; custom_padding__hover=&#8221;|||&#8221;][et_pb_text admin_label=&#8221;MALEVEZ&#8221; module_id=&#8221;MALEVEZ&#8221; _builder_version=&#8221;4.23.1&#8243; background_size=&#8221;initial&#8221; background_position=&#8221;top_left&#8221; background_repeat=&#8221;repeat&#8221; background_layout=&#8221;dark&#8221; hover_enabled=&#8221;0&#8243; use_border_color=&#8221;off&#8221; border_color=&#8221;#ffffff&#8221; border_style=&#8221;solid&#8221; global_colors_info=&#8221;{}&#8221; text_text_color=&#8221;#000000&#8243; sticky_enabled=&#8221;0&#8243;]<\/p>\n<p class=\"p2\"><span style=\"color: #ff5b5b;\"><b><span style=\"font-size: 14pt;\">MALEVEZ\u00a0\u00a0\u00a0\u00a0\u00a01894-1909<\/span><\/b><\/span><br \/><span style=\"font-size: 12pt;\">Ateliers de Construction J. et A. MALEVEZ Fr\u00e8res<\/span><br \/><span style=\"font-size: 12pt;\">Saint-Servais (Namur)<\/span><\/p>\n<p class=\"p3\"><span style=\"font-size: 12pt;\">Les Ateliers Jules et Adolphe MALEVEZ fond\u00e9s en 1894 \u00e9taient connus pour la constructions sous licence anglaise LIFU, d&#8217;autobus et camions \u00e0 vapeur et de machines pour glaceries. Les fr\u00e8res MALEVEZ dont les contacts avec l&#8217;Angleterre s&#8217;\u00e9taient d\u00e9velopp\u00e9s \u00e0 l&#8217;intervention du carrossier belge MICHOTTE \u2013 constructeur de v\u00e9hicules hippomobiles \u00e0 Gand et Namur \u2013 conna\u00eetront la douloureuse exp\u00e9rience de la faillite de la premi\u00e8re compagnie des taxis londoniens qui leur avait pass\u00e9 commande d&#8217;une douzaine de voitures.<\/span><\/p>\n<p class=\"p3\"><span style=\"font-size: 12pt;\">Ils produiront entre 1904 et 1909 quelques voitures de 2 et 4 cylindres, exposant au Salon de Bruxelles de 1904 plusieurs mod\u00e8les dont une 10 cv sur ch\u00e2ssis en bois arm\u00e9, \u00e0 moteur 2 cyl. MUTEL fran\u00e7ais, des 12\/14 cv, 18\/22 cv et 30 cv sur ch\u00e2ssis en t\u00f4le emboutie ainsi qu&#8217;une camionnette. Au d\u00e9c\u00e8s de Jules MALEVEZ en 1909, son fr\u00e8re arr\u00eatera la construction automobile pour se consacrer \u00e0 la m\u00e9canique g\u00e9n\u00e9rale.<\/span><\/p>\n<p>[\/et_pb_text][et_pb_text admin_label=&#8221;MANS&#8221; module_id=&#8221;MALEVEZ&#8221; _builder_version=&#8221;4.16&#8243; background_layout=&#8221;dark&#8221; use_border_color=&#8221;off&#8221; border_color=&#8221;#ffffff&#8221; border_style=&#8221;solid&#8221; global_colors_info=&#8221;{}&#8221; background_size=&#8221;initial&#8221; background_position=&#8221;top_left&#8221; background_repeat=&#8221;repeat&#8221; text_text_color=&#8221;#000000&#8243;]<\/p>\n<p class=\"p2\"><span style=\"color: #ff5b5b;\"><b><span style=\"font-size: 14pt;\">MANS\u00a0\u00a0\u00a0\u00a0\u00a01899-1901<\/span><\/b><\/span><br \/>\n <span style=\"font-size: 12pt;\">L\u00e9on MANS et Cie<\/span><br \/>\n <span style=\"font-size: 12pt;\">av Van Volxem 134 \u00e0 Forest (Bruxelles)<\/span><\/p>\n<p class=\"p3\"><span style=\"font-size: 12pt;\">En 1899, cette firme de cycles entama la construction de voiturettes \u00e0 trois roues du type BOLLEE, avec un monocylindre refroidi par air, l&#8217;entra\u00eenement se faisant par pignons. Ce mod\u00e8le ainsi que des tricycles \u00e0 moteur DE DION, furent pr\u00e9sent\u00e9s au Salon de Bruxelles de mars 1899.<\/span><br \/>\n <span style=\"font-size: 12pt;\">En 1901 la voiturette MANS disposait d&#8217;un moteur \u00e0 l&#8217;avant et d&#8217;un volant inclin\u00e9.<\/span><br \/>\n <span style=\"font-size: 12pt;\">Cette firme bruxelloise \u00e9tait encore connue en 1906 par la fabrication d&#8217;une suspension sp\u00e9ciale dite \u00ab AWANS \u00bb.<\/span><\/p>\n<p>[\/et_pb_text][et_pb_text admin_label=&#8221;MATECO&#8221; module_id=&#8221;MALEVEZ&#8221; _builder_version=&#8221;4.16&#8243; background_layout=&#8221;dark&#8221; use_border_color=&#8221;off&#8221; border_color=&#8221;#ffffff&#8221; border_style=&#8221;solid&#8221; global_colors_info=&#8221;{}&#8221; background_size=&#8221;initial&#8221; background_position=&#8221;top_left&#8221; background_repeat=&#8221;repeat&#8221; text_text_color=&#8221;#000000&#8243;]<\/p>\n<p class=\"p2\"><span style=\"color: #ff5b5b;\"><b><span style=\"font-size: 14pt;\">MATECO\u00a0\u00a0\u00a0\u00a0\u00a01926-1928<\/span><\/b><\/span><span style=\"font-size: 12pt;\"><br \/>\n Soci\u00e9t\u00e9 de Construction de Mat\u00e9riel Colonial<\/span><\/p>\n<p class=\"p3\"><span style=\"font-size: 12pt;\">Cette soci\u00e9t\u00e9 qui produisait des groupes marins et des moteurs industriels \u00e0 gaz pauvre, construira entre 1926 et 1928 un camion de 4 tonnes ainsi qu&#8217;un tracteur l\u00e9ger \u00e9quip\u00e9s d&#8217;un moteur 4 cyl. (110 x 180) \u00e0 soupapes en t\u00eate et culasse h\u00e9misph\u00e9rique aliment\u00e9 au gazog\u00e8ne. Le tracteur \u00e9tait fabriqu\u00e9 sous licence DELIEUVIN.<\/span><\/p>\n<p>[\/et_pb_text][et_pb_text admin_label=&#8221;MATHIEU&#8221; module_id=&#8221;MALEVEZ&#8221; _builder_version=&#8221;4.16&#8243; background_layout=&#8221;dark&#8221; use_border_color=&#8221;off&#8221; border_color=&#8221;#ffffff&#8221; border_style=&#8221;solid&#8221; global_colors_info=&#8221;{}&#8221; background_size=&#8221;initial&#8221; background_position=&#8221;top_left&#8221; background_repeat=&#8221;repeat&#8221; text_text_color=&#8221;#000000&#8243;]<\/p>\n<p class=\"p2\"><span style=\"color: #ff5b5b;\"><b><span style=\"font-size: 14pt;\">MATHIEU\u00a0\u00a0\u00a0\u00a0\u00a01902-1906<\/span><\/b><\/span><span style=\"font-size: 12pt;\"><br \/>\n Usines Eug\u00e8ne Mathieu<\/span><br \/>\n <span style=\"font-size: 12pt;\">Ets. de Construction d&#8217;automoteurs &#8211; syst\u00e8me E. Mathieu<\/span><br \/>\n <span style=\"font-size: 12pt;\">Usines de Saventhem &#8211; Brevets E. Mathieu : \u00e0 partir de 1903<\/span><br \/>\n <span style=\"font-size: 12pt;\">Louvain<\/span><\/p>\n<p class=\"p3\"><span style=\"font-size: 12pt;\">Ing\u00e9nieur fran\u00e7ais, Eug\u00e8ne MATHIEU racheta en 1902 le mat\u00e9riel de production des Usines DELIN mises en liquidation. Les premi\u00e8res MATHIEU, \u00e9quip\u00e9es d&#8217;un moteur monocylindrique vertical de 6 et 8 cv, consommant un litre d&#8217;essence aux 22 kilom\u00e8tres, remport\u00e8rent plusieurs m\u00e9dailles au Meeting de Namur de 1902. Elles disposaient d&#8217;une transmission par arbre et d&#8217;une carrosserie tonneau \u00e0 4 places.<\/span><\/p>\n<p class=\"p3\"><span style=\"font-size: 12pt;\">D\u00e8s 1903 Eug\u00e8ne MATHIEU d\u00e9veloppa des mod\u00e8les plus puissants (un monocylindre de 9 cv et une s\u00e9rie de 4 cyl de 8\/12 et 15\/30 cv. Sa production s&#8217;\u00e9tendait \u00e9galement au motocyclettes \u00ab Syst\u00e8me E. MATHIEU \u00bb Quittant les anciennes Usines DELIN en 1903, E. MATHIEU s&#8217;installera ensuite \u00e0 Saventhem (dans les locaux qui abriteront \u00e0 partir de 1909 la grande marque belge EXCELSIOR).<\/span><\/p>\n<p class=\"p3\"><span style=\"font-size: 12pt;\">Avant de fusionner fin 1906 avec BELGICA, les MATHIEU qui remport\u00e8rent diff\u00e9rentes distinctions \u00e0 l&#8217;Exposition de Li\u00e8ge de 1905 et de Milan en1906, proposaient des 4 cylindres \u00ab simples, fiables et silencieuses \u00bb de 14\/16 cv, 24\/30 cv (3770 cc) et 34\/43 cv (6902 cc). Les MATHIEU \u00e9taient vendues en Angleterre sous le nom de \u00ab BECKETT et FARLOW \u00bb.<\/span><\/p>\n<p class=\"p3\"><span style=\"font-size: 12pt;\">L&#8217;ing\u00e9nieur MATHIEU qui rentra en France en 1906 \u00e9tait aussi l&#8217;inventeur d&#8217;un syst\u00e8me de changement de puissance \u00ab \u00e0 d\u00e9tente variable \u00bb obtenu par modification du mouvement de l&#8217;arbre \u00e0 cames.<\/span><\/p>\n<p>[\/et_pb_text][et_pb_text admin_label=&#8221;MATHOMOBILE&#8221; module_id=&#8221;MALEVEZ&#8221; _builder_version=&#8221;4.16&#8243; background_layout=&#8221;dark&#8221; use_border_color=&#8221;off&#8221; border_color=&#8221;#ffffff&#8221; border_style=&#8221;solid&#8221; global_colors_info=&#8221;{}&#8221; background_size=&#8221;initial&#8221; background_position=&#8221;top_left&#8221; background_repeat=&#8221;repeat&#8221; text_text_color=&#8221;#000000&#8243;]<\/p>\n<p class=\"p2\"><span style=\"color: #ff5b5b;\"><b><span style=\"font-size: 14pt;\">MATHOMOBILE\u00a0\u00a0\u00a0\u00a0\u00a01980-1994<\/span><\/b><\/span><span style=\"font-size: 12pt;\"><br \/>\n Mathomobile Replicars<\/span><br \/>\n <span style=\"font-size: 12pt;\">rue W\u00e9ry n\u00b0 42 \u00e0 Ixelles 1050 Bruxelles)<\/span><\/p>\n<p class=\"p3\"><span style=\"font-size: 12pt;\">C&#8217;est en 1980 que l&#8217;artisan bruxellois Claude MATHOT d\u00e9cida de construire \u00e0 faible cadence (deux par trimestre) une r\u00e9plique de BUGATTI 35&#8230; \u00e9quip\u00e9e d&#8217;un moteur arri\u00e8re de VW 1,2 l (34 cv), 1,6 l (50 cv) ou Porsche (90 cv). En version luxe, la carrosserie se verra m\u00eame dot\u00e9e d&#8217;un porte-bagages arri\u00e8re et de roues \u00e0 rayons. Au cours de l&#8217;ann\u00e9e 1993, une version \u00e0 moteur KAYLOR \u00e9lectrique (puissance 30 cv) compl\u00e8tera la gamme. La MATHOMOBILE a trouv\u00e9 une certaine client\u00e8le aux U.S.A.<\/span><\/p>\n<p>[\/et_pb_text][et_pb_text admin_label=&#8221;MATTHYS&#8221; module_id=&#8221;MALEVEZ&#8221; _builder_version=&#8221;4.16&#8243; background_layout=&#8221;dark&#8221; use_border_color=&#8221;off&#8221; border_color=&#8221;#ffffff&#8221; border_style=&#8221;solid&#8221; global_colors_info=&#8221;{}&#8221; background_size=&#8221;initial&#8221; background_position=&#8221;top_left&#8221; background_repeat=&#8221;repeat&#8221; text_text_color=&#8221;#000000&#8243;]<\/p>\n<p class=\"p2\"><span style=\"color: #ff5b5b;\"><b><span style=\"font-size: 14pt;\">MATTHYS J.\u00a0\u00a0\u00a0\u00a0\u00a01899-1902<\/span><\/b><\/span><span style=\"font-size: 12pt;\"><br \/>\n Soci\u00e9t\u00e9 l&#8217;Automobile<\/span><br \/>\n <span style=\"font-size: 12pt;\">Ateliers : rue Bonneterre n\u00b0 10 et rue De Praetere \u00e0 Ixelles (Vleurgat-lez-Bruxelles)<\/span><br \/>\n <span style=\"font-size: 12pt;\">Bureaux : avenue Louise 533 \u00e0 Bruxelles<\/span><\/p>\n<p class=\"p3\"><span style=\"font-size: 12pt;\">Carrossier et m\u00e9canicien, J. MATTHYS exposera d\u00e8s 1899 une wagonnette DAIMLER carross\u00e9e par lui ainsi qu&#8217;un quadricycle deux places de 2,5 ou 3 cv.<\/span><br \/>\n <span style=\"font-size: 12pt;\">En ao\u00fbt 1900, une voiture MATTHYS remportera la course de Spa dans la cat\u00e9gorie des moins de 400 kg et moins de 4 cv, \u00e0 la moyenne de 25,835 km\/h, devant une FN et une VIVINIUS.<\/span><br \/>\n <span style=\"font-size: 12pt;\">La soci\u00e9t\u00e9 \u00ab L&#8217;AUTOMOBILE \u00bb qu&#8217;il avait alors cr\u00e9\u00e9e fabriquera jusqu&#8217;en 1902 des voiturettes mieux connues sous la marque \u00ab LA TORPILLE \u00bb \u00e9quip\u00e9es de moteurs DE DION-BOUTON ou KELECOM.<\/span><\/p>\n<p>[\/et_pb_text][et_pb_text admin_label=&#8221;OSY&#8221; module_id=&#8221;MALEVEZ&#8221; _builder_version=&#8221;4.16&#8243; background_layout=&#8221;dark&#8221; use_border_color=&#8221;off&#8221; border_color=&#8221;#ffffff&#8221; border_style=&#8221;solid&#8221; global_colors_info=&#8221;{}&#8221; background_size=&#8221;initial&#8221; background_position=&#8221;top_left&#8221; background_repeat=&#8221;repeat&#8221; text_text_color=&#8221;#000000&#8243;]<\/p>\n<p class=\"p2\"><span style=\"color: #ff5b5b;\"><b><span style=\"font-size: 14pt;\">MATTHYS Fr\u00e8res et OSY\u00a0\u00a0\u00a0\u00a0\u00a01920-1928<\/span><\/b><\/span><span style=\"font-size: 12pt;\"><br \/>\n avenue G\u00e9n\u00e9ral Bernheim 5 \u00e0 Etterbeek (Bruxelles)<\/span><\/p>\n<p class=\"p2\"><span style=\"font-size: 12pt;\"><img loading=\"lazy\" decoding=\"async\" class=\" wp-image-202321 alignleft\" src=\"https:\/\/rvccb.be\/wp-content\/uploads\/2016\/09\/Matthys-Osy.jpg\" alt=\"matthys-osy\" width=\"160\" height=\"137\" \/><\/span><\/p>\n<p class=\"p2\"><span style=\"font-size: 12pt;\">La Carrosserie MATTHYS Fr\u00e8res et OSY r\u00e9alisera \u00e0 Bruxelles, au d\u00e9but des ann\u00e9es 20, de belles carrosseries \u00e0 caract\u00e8re sportif sur des ch\u00e2ssis VOISIN, BIGNAN et IMPERIA. Eug\u00e8ne MATTHYS en \u00e9tait le principal animateur. Cette firme demeura le carrossier attitr\u00e9 d&#8217;IMPERIA qui l&#8217;absorba en 1928.<\/span><br \/>\n <span style=\"font-size: 12pt;\">C&#8217;est Eug\u00e8ne MATTHYS qui plus tard, en 1937, cr\u00e9era avec de nouveaux associ\u00e9s la SPRL \u00ab Automobiles DEMATY \u00bb.<\/span><\/p>\n<p>[\/et_pb_text][et_pb_text admin_label=&#8221;EUGENE&#8221; module_id=&#8221;MALEVEZ&#8221; _builder_version=&#8221;4.16&#8243; background_layout=&#8221;dark&#8221; use_border_color=&#8221;off&#8221; border_color=&#8221;#ffffff&#8221; border_style=&#8221;solid&#8221; global_colors_info=&#8221;{}&#8221; background_size=&#8221;initial&#8221; background_position=&#8221;top_left&#8221; background_repeat=&#8221;repeat&#8221; text_text_color=&#8221;#000000&#8243;]<\/p>\n<p class=\"p2\"><span style=\"color: #ff5b5b;\"><b><span style=\"font-size: 14pt;\">MATTHYS Eug\u00e8ne\u00a0\u00a0\u00a0\u00a0\u00a01930-1939<\/span><\/b><\/span><span style=\"font-size: 12pt;\"><br \/>\n Ateliers : rue Gray 154 \u00e0 Ixelles-Bruxelles<\/span><\/p>\n<p class=\"p3\"><span style=\"font-size: 12pt;\">Ancien animateur de la carrosserie \u00ab MATTHYS Fr\u00e8res et OSY \u00bb absorb\u00e9e par IMPERIA en 1928, Eug\u00e8ne MATTHYS poursuivait ses activit\u00e9s dans ses ateliers \u00e0 Ixelles. Il pr\u00e9senta au Salon de Bruxelles de 1930 une roulotte de camping pouvant \u00eatre prise en remorque par une voiture et comportant le logement de quatre personnes. Ses accessoires permettaient d&#8217;y r\u00e9sider en p\u00e9riode de vacances.<\/span><\/p>\n<p class=\"p3\"><span style=\"font-size: 12pt;\">En 1937 il s&#8217;associa \u00e0 MM. DEFAY et TIMBEMAN pour cr\u00e9er la SPRL Automobiles DEMATY, constructeur d&#8217;une voiture l\u00e9g\u00e8re \u00e0 4 places et \u00e0 roues arri\u00e8res directrices. Ce syst\u00e8me difficile \u00e0 mettre au point sera abandonn\u00e9 en 1939 au profit d&#8217;une traction avant classique mais la guerre mit fin \u00e0 leurs projets.<\/span><\/p>\n<p>[\/et_pb_text][et_pb_text admin_label=&#8221;MEAN&#8221; module_id=&#8221;MALEVEZ&#8221; _builder_version=&#8221;4.16&#8243; background_layout=&#8221;dark&#8221; use_border_color=&#8221;off&#8221; border_color=&#8221;#ffffff&#8221; border_style=&#8221;solid&#8221; global_colors_info=&#8221;{}&#8221; background_size=&#8221;initial&#8221; background_position=&#8221;top_left&#8221; background_repeat=&#8221;repeat&#8221; text_text_color=&#8221;#000000&#8243;]<\/p>\n<p class=\"p2\"><span style=\"color: #ff5b5b;\"><b><span style=\"font-size: 14pt;\">MEAN\u00a0\u00a0\u00a0\u00a0\u00a01964-1974<\/span><\/b><\/span><span style=\"font-size: 12pt;\"><br \/>\n MEAN MOTOR ENGINEERING S.A.<\/span><br \/>\n <span style=\"font-size: 12pt;\">rue Mandeville 38 \u00e0 Li\u00e8ge<\/span><br \/>\n <span style=\"font-size: 12pt;\">avenue des Ormes 40 \u00e0 Li\u00e8ge (Cointe-Sclessin)<\/span><\/p>\n<p class=\"p3\"><span style=\"font-size: 12pt;\">Fond\u00e9e par Jacques d&#8217;HEUR en d\u00e9cembre 1964, la soci\u00e9t\u00e9 MEAN MOTOR disposait d&#8217;un petit garage, rue Mandeville \u00e0 Li\u00e8ge. L&#8217;objectif de ce jeune constructeur \u00e9tait de produire en petite s\u00e9rie une voiture de sport belge originale, vendue compl\u00e8te ou en kit et utilisant un maximum d&#8217;\u00e9l\u00e9ments de s\u00e9rie.<\/span><\/p>\n<p class=\"p3\"><span style=\"font-size: 12pt;\">Jacques d&#8217;HEUR commen\u00e7a par construire une monocoque \u00e0 moteur FIAT 1500, mais cette premi\u00e8re tentative qui n\u00e9cessitait des moyens de construction trop importante, fut abandonn\u00e9e au profit d&#8217;une structure multi-tubulaire dans laquelle fut mont\u00e9 un moteur FORD CORTINA GT accoupl\u00e9 \u00e0 une bo\u00eete VW avec carter de liaison BRABHAM, les suspensions provenant de VW. En 1966 deux mod\u00e8les sont propos\u00e9s : une barquette coup\u00e9 \u00ab AQUILA \u00bb aux lignes tr\u00e8s pures, et un spider \u00ab SONARA \u00bb au capot arri\u00e8re rigoureusement plat, arceau fixe, panneau de toit d\u00e9montable et moteur retourn\u00e9 plac\u00e9 en position centrale arri\u00e8re. Les prix en kit (hors groupe propulseur) sont particuli\u00e8rement attractifs: 125.000 FB pour le Coup\u00e9 et 85.000 FB pour le Spider dont la vitesse annonc\u00e9e \u00e9tait de \u00b1 165 km\/h.<\/span><\/p>\n<p class=\"p3\"><span style=\"font-size: 12pt;\">Pr\u00e9sent\u00e9 en 1967 avec la m\u00e9canique de la FORD TAUNUS 20 M TS, le Coup\u00e9 \u00ab AQUILA \u00bb devient encore plus performant, tandis que le Spider \u00ab SONARA \u00bb peut, au d\u00e9part de kit polyvalents, \u00eatre \u00e9quip\u00e9 de moteurs RENAULT, NSU, VW ou PORSCHE ou de groupes propulseurs transversaux moyennant certaines adaptations. Diff\u00e9rents concessionnaires fran\u00e7ais (FILIOT et Claude FORGER \u00e0 Paris, RACING EQUIPEMENT \u00e0 Lyon, EMAPE Garage \u00e0 Reims) et suisses (WYLAND Garage \u00e0 Wilchingen), repr\u00e9sentent la marque MEAN \u00e0 l&#8217;\u00e9tranger, proposant ces deux mod\u00e8les \u00e0 des prix diff\u00e9rents suivant qu&#8217;il s&#8217;agisse du kit brut, du kit semi-mont\u00e9 ou de v\u00e9hicule complet, d&#8217;apr\u00e8s les m\u00e9caniques choisies.<\/span><\/p>\n<p class=\"p3\"><span style=\"font-size: 12pt;\">Au Salon de Bruxelles de 1969, fort de quelques succ\u00e8s remport\u00e9s en rallye ou en courses de c\u00f4tes nationales, Jacques d&#8217;HEUR accentue son effort pour la comp\u00e9tition et pr\u00e9sente une nouvelle barquette type \u00ab CANAM \u00bb construite en tubes plus l\u00e9gers (15 kg de moins que sur l&#8217;AQUILA) avec \u00e9pure de suspensions arri\u00e8res de comp\u00e9tition, m\u00e9canique RENAULT GORDINI et bo\u00eete RENAULT 5 vitesses retourn\u00e9e. Cette nouvelle \u00ab petite bombe \u00bb MEAN dont le poids atteignait seulement 425 kg ne co\u00fbtait en Belgique que 120.000 FB.<\/span><\/p>\n<p class=\"p3\"><span style=\"font-size: 12pt;\">Fin 1970, Jacques d&#8217;HEUR se propose de commercialiser un buggy avec la collaboration du constructeur li\u00e9geois APAL pour la carrosserie en polyester moul\u00e9e, buggy utilisant principalement les m\u00e9caniques et trains avant et arri\u00e8re de chez RENAULT, mais le concepteur de la MEAN sera incapable de surmonter les probl\u00e8mes financiers qui se posent \u00e0 lui. C&#8217;est sous le nom de \u00ab LIBERTA \u00bb que Jacques d&#8217;HEUR pr\u00e9sentera ses derni\u00e8res cr\u00e9ations entre 1972 et 1974. Au total, environ 300 MEAN\/LIBERTA seront commercialis\u00e9es.<\/span><\/p>\n<p>[\/et_pb_text][et_pb_text admin_label=&#8221;MOTEURS&#8221; module_id=&#8221;MALEVEZ&#8221; _builder_version=&#8221;4.16&#8243; background_layout=&#8221;dark&#8221; use_border_color=&#8221;off&#8221; border_color=&#8221;#ffffff&#8221; border_style=&#8221;solid&#8221; global_colors_info=&#8221;{}&#8221; background_size=&#8221;initial&#8221; background_position=&#8221;top_left&#8221; background_repeat=&#8221;repeat&#8221; text_text_color=&#8221;#000000&#8243;]<\/p>\n<p class=\"p2\"><span style=\"color: #ff5b5b;\"><b><span style=\"font-size: 14pt;\">MECANIQUE et MOTEURS\u00a0\u00a0\u00a0\u00a0\u00a01903-1906<\/span><\/b><\/span><span style=\"font-size: 12pt;\"><br \/>\n rue Lairesse 83-85 \u00e0 Li\u00e8ge<\/span><\/p>\n<p class=\"p3\"><span style=\"font-size: 12pt;\">Dirig\u00e9e par MARTINY, la \u00ab Soci\u00e9t\u00e9 M\u00e9canique et Moteurs \u00bb construisait des automobiles, des motos, des moteurs ainsi que des pi\u00e8ces d\u00e9tach\u00e9es pour autos dans les anciens locaux de la Compagnie Li\u00e9geoise d&#8217;Automobiles.<\/span><br \/>\n <span style=\"font-size: 12pt;\">La premi\u00e8re voiture sortie en 1903 \u00e9tait une 4 cyl de 16 cv \u00e0 arbre \u00e0 cames en t\u00eate \u2013 ce qui \u00e9tait remarquable pour l&#8217;\u00e9poque \u2013 avec ch\u00e2ssis en bois renforc\u00e9, bo\u00eete \u00e0 4 vitesses et embrayage magn\u00e9tique de type GOLIATH.<\/span><br \/>\n <span style=\"font-size: 12pt;\">Des moteurs \u00e0 soupapes lat\u00e9rales furent utilis\u00e9s en 1904 et 1905 et des ch\u00e2ssis en t\u00f4le d&#8217;acier embouti \u00e9tendus \u00e0 un certain nombre de mod\u00e8les dont les puissances allaient de 10\u00e0 35 cv en 3 et 4 cylindres.<\/span><br \/>\n <span style=\"font-size: 12pt;\">En juillet 1906 la firme fut reprise par HISA\/HERMES.<\/span><\/p>\n<p>[\/et_pb_text][et_pb_text admin_label=&#8221;METALLURGIQUE&#8221; module_id=&#8221;MALEVEZ&#8221; _builder_version=&#8221;4.16&#8243; background_layout=&#8221;dark&#8221; use_border_color=&#8221;off&#8221; border_color=&#8221;#ffffff&#8221; border_style=&#8221;solid&#8221; global_colors_info=&#8221;{}&#8221; background_size=&#8221;initial&#8221; background_position=&#8221;top_left&#8221; background_repeat=&#8221;repeat&#8221; text_text_color=&#8221;#000000&#8243;]<\/p>\n<p class=\"p2\"><span style=\"color: #ff5b5b;\"><b><span style=\"font-size: 14pt;\">METALLURGIQUE\u00a0\u00a0\u00a0\u00a0\u00a01898-1927<\/span><\/b><\/span><span style=\"font-size: 12pt;\"><br \/>\n S.A. l&#8217;Auto-M\u00e9tallurgique \u00e0 partir de 1907<br \/>\n rue du Ch\u00e2telet \u00e0 Marchienne-au-Pont<\/span><\/p>\n<p class=\"p2\"><span style=\"font-size: 12pt;\"><img loading=\"lazy\" decoding=\"async\" class=\"size-full wp-image-202326 alignleft\" src=\"https:\/\/rvccb.be\/wp-content\/uploads\/2016\/09\/LogoMetallurgique-2.jpg\" alt=\"logometallurgique-2\" width=\"100\" height=\"100\" \/>Fabriquant \u00e0 l&#8217;origine des locomotives et du mat\u00e9riel roulant pour chemins de fer et tramways, METALLURGIQUE cr\u00e9e en 1898 dans ses installations de la Sambre une division r\u00e9serv\u00e9e \u00e0 la construction automobile. Les premiers mod\u00e8les mis en chantier fin 1900 dans ses nouveaux ateliers de Marchienne-au-Pont, seront expos\u00e9s au Salon de Paris en 1901. l s&#8217;agissait de petites deux cylindres de 4 cv, l&#8217;une \u00e0 moteur avant, l&#8217;autre \u00e0 moteur mont\u00e9 \u00e0 l&#8217;arri\u00e8re, une 4 cylindres aux m\u00eames cotes (76 x 80) venant ensuite compl\u00e9ter la gamme. Les premi\u00e8res METALLURGIQUE ressemblaient aux DAIMLER de l&#8217;\u00e9poque.<\/span><\/p>\n<p class=\"p3\"><span style=\"font-size: 12pt;\">En 1903, la firme de Marchienne-au-Pont fait appel \u00e0 l&#8217;ing\u00e9nieur allemand Ernst LEHMANN pour prendre la direction technique de la marque (LEHMANN avait travaill\u00e9 pr\u00e9c\u00e9demment chez MERCEDES et DAIMLER). METALLURGIQUE s&#8217;oriente alors vers la construction de voitures modernes de plus grosses cylindr\u00e9es, aux performances \u00e9lev\u00e9es, \u00e0 la finition luxueuse et \u00e0 la m\u00e9canique d&#8217;avant-garde (soupapes command\u00e9es, embrayage \u00e0 segments extensibles, transmission par cardan).<\/span><\/p>\n<p class=\"p3\"><span style=\"font-size: 12pt;\">A partir de 1905 le d\u00e9veloppement se portera sur le 4 cylindres dont le plus connu fut le 60\/80 cv de 9900 cc qui, en version course d\u00e9veloppait une puissance de 100 cv au r\u00e9gime moteur de 1500 t\/min., permettant d&#8217;atteindre la vitesse impressionnante pour l&#8217;\u00e9poque de 160 km\/h.<\/span><\/p>\n<p class=\"p3\"><span style=\"font-size: 12pt;\">En 1907 la firme dont Mr GERMANES devient l&#8217;administrateur-d\u00e9l\u00e9gu\u00e9, devient une entit\u00e9 distincte des usines ferroviaires de la marque et prend pour d\u00e9nomination \u00ab L&#8217;AUTO-METALLURGIQUE S.A. \u00bb. A partir de 1908\/1909, tous les mod\u00e8les seront dot\u00e9s d&#8217;un radiateur en nid d&#8217;abeilles de forme pointue et ses carrosseries dessin\u00e9es par VAN DEN PLAS ajouteront encore \u00e0 leur \u00e9l\u00e9gance. L&#8217;usine de Marchienne-au-Pont construira \u00e9galement quelques camions.<\/span><\/p>\n<p class=\"p3\"><span style=\"font-size: 12pt;\">R\u00e9put\u00e9s pour leur fiabilit\u00e9 et leur haute technologie, les moteurs utilis\u00e9s en course \u00e9taient d\u00e9velopp\u00e9s par les Ateliers BERGMANN \u00e0 Berlin : ainsi la \u00ab Prinz Henrich Metallurgique \u00bb apparue en 1910 qui disposait d&#8217;une puissance de 105 cv \u00e0 2600 t\/min \u00e9tait con\u00e7ue avec une soupape d&#8217;admission et quatre soupapes d&#8217;\u00e9chappement par cylindre. Avant la premi\u00e8re guerre mondiale, la gamme METALLURGIQUE comprenait huit mod\u00e8les dont un 4 cylindres de 5 litres qui eut le plus de succ\u00e8s. Ils \u00e9taient alors \u00e9quip\u00e9s d&#8217;un syst\u00e8me de freinage de type ADEX agissant sur les quatre roues avec compensation diagonale assurant une meilleure r\u00e9partition du freinage.<\/span><\/p>\n<p class=\"p3\"><span style=\"font-size: 12pt;\">La firme \u00e9tait devenue en 1910 une entreprise internationale \u00e0 capitaux belges, anglais et allemands qui avait conclu des accords de fabrication sous licence en Allemagne avec BERGMANN \u00e0 Berlin (ce seront de 1910 \u00e0 1922 les BERGMANN-METALLURGIQUE) et en France avec GILLET-FOREST. Tandis qu&#8217;elle tentait de promouvoir ses ventes en Russie, elle cr\u00e9ait \u00e0 Londres une filiale britannique, la METALLURGIQUE Cy qui, outre les mod\u00e8les de s\u00e9rie, r\u00e9alisera ses propres mod\u00e8les de comp\u00e9tition telle la METALLURGIQUE \u00e0 moteur MAYBACH de plus de 20 litres de cylindr\u00e9e qui apparut en 1912.<\/span><\/p>\n<p class=\"p3\"><span style=\"font-size: 12pt;\">Durant la premi\u00e8re guerre mondiale ses locaux seront occup\u00e9s par les Allemands qui arr\u00eateront la production et transf\u00e8reront les machines en Allemagne. A l&#8217;armistice, le gouvernement allemand se refusera \u00e0 tout d\u00e9dommagement, consid\u00e9rant que le d\u00e9mant\u00e8lement de l&#8217;entreprise avait \u00e9t\u00e9 effectu\u00e9 \u00e0 la demande des actionnaires dont nombre d&#8217;entre-eux \u00e9taient d&#8217;origine allemande.<\/span><\/p>\n<p class=\"p3\"><span style=\"font-size: 12pt;\">L&#8217;AUTO-METALLURGIQUE reprit ses activit\u00e9s en 1919 sous la direction du Comte Jacques de LIEDEKERKE. Elle disposait encore d&#8217;un stock important de pi\u00e8ces et de ch\u00e2ssis \u00e9pargn\u00e9s par l&#8217;occupant. En 1921 une nouvelle 4 cylindres de 3 litres entra en production. Il s&#8217;agissait d&#8217;un mod\u00e8le particuli\u00e8rement rapide avec une distribution par arbre \u00e0 cames en t\u00eate, 4 soupapes par cylindre, d\u00e9veloppant 90 cv \u00e0 3500 t\/min, mais cette voiture construite en petite s\u00e9rie n&#8217;atteignit jamais la renomm\u00e9e des mod\u00e8les d&#8217;avant guerre. Une version \u00ab comp\u00e9tition \u00bb de ce mod\u00e8le r\u00e9alisera au Grand Prix de Spa de 1922 le tour le plus rapide du circuit.<\/span><\/p>\n<p class=\"p3\"><span style=\"font-size: 12pt;\">Fin 1922 la direction de l&#8217;entreprise est \u00e0 nouveau assur\u00e9e par GERMANES qui avait \u00e9t\u00e9 entre temps un des dirigeants de la firme SOMEA. Il apporte \u00e0 METALLURGIQUE un mod\u00e8le 2 litres con\u00e7u pour SOMEA par l&#8217;ing\u00e9nieur Paul BASTIEN futur responsable du bureau d&#8217;\u00e9tude de STUTZ aux Etats-Unis. Ce sera l&#8217;ultime mod\u00e8le produit par METALLURGIQUE \u00e0 partir de 1923.Si cette 12\/15 cv de 1970 cc \u00e9quip\u00e9e d&#8217;un 4 cyl. monobloc \u00e0 soupapes en t\u00eate permettait d&#8217;atteindre 120 km\/h \u2013 ce qui la situait parmi les plus rapides deux litres du march\u00e9 \u2013 sa m\u00e9canique s&#8217;av\u00e9ra cependant fragile.<\/span><\/p>\n<p class=\"p3\"><span style=\"font-size: 12pt;\">En 1927 IMPERIA rach\u00e8te l&#8217;usine METALLURGIQUE, d\u00e9monte l&#8217;outillage pour renforcer le sien et revend les b\u00e2timents \u00e0 MINERVA. Une des prestigieuses marques belges avait v\u00e9cu, laissant \u00e9galement son empreinte sportive dans de nombreuses comp\u00e9titions internationales o\u00f9 elle ne r\u00e9ussira cependant pas \u00e0 s&#8217;imposer r\u00e9ellement. Parmi ses multiples participations en course nous citerons la Coupe HERKOMER en Allemagne (1905-1906-1907), la Coupe de LIEDEKERKE (1906), le Tourist Trophy (1907-1908), le Circuit des Ardennes, le Kaiserpreis et Brooklands (1907), la Coupe Prince Henry (1910), le Tour de France 1912-1913), le Circuit du Maroc (1912), le Grand Prix de Russie (1914) et le Grand Prix de Belgique (1922).<\/span><\/p>\n<p>[\/et_pb_text][et_pb_text admin_label=&#8221;METEOR&#8221; module_id=&#8221;MALEVEZ&#8221; _builder_version=&#8221;4.16&#8243; background_layout=&#8221;dark&#8221; use_border_color=&#8221;off&#8221; border_color=&#8221;#ffffff&#8221; border_style=&#8221;solid&#8221; global_colors_info=&#8221;{}&#8221; background_size=&#8221;initial&#8221; background_position=&#8221;top_left&#8221; background_repeat=&#8221;repeat&#8221; text_text_color=&#8221;#000000&#8243;]<\/p>\n<p class=\"p2\"><span style=\"color: #ff5b5b;\"><b><span style=\"font-size: 14pt;\">METEOR (Automobile METEOR)\u00a0\u00a0\u00a0\u00a0\u00a01903-1906<\/span><\/b><\/span><span style=\"font-size: 12pt;\"><br \/>\n rue Galil\u00e9e n\u00b0 9 \u00e0 Bruxelles<\/span><\/p>\n<p class=\"p3\"><span style=\"font-size: 12pt;\">La METEOR fabriqu\u00e9e \u00e0 Bruxelles par F\u00e9lix HECQ \u00e0 partir de 1903 comprenait deux versions : une voiturette \u00e9quip\u00e9e d&#8217;un moteur DE DION de 9 cv et une type \u00ab touriste \u00bb motoris\u00e9e par un 4 cyl. de 16\/20 cv disposant d&#8217;un ch\u00e2ssis en t\u00f4le emboutie. Cette marque disparut en 1906.<\/span><\/p>\n<p>[\/et_pb_text][et_pb_text admin_label=&#8221;MICHOTTE&#8221; module_id=&#8221;MALEVEZ&#8221; _builder_version=&#8221;4.16&#8243; background_layout=&#8221;dark&#8221; use_border_color=&#8221;off&#8221; border_color=&#8221;#ffffff&#8221; border_style=&#8221;solid&#8221; global_colors_info=&#8221;{}&#8221; background_size=&#8221;initial&#8221; background_position=&#8221;top_left&#8221; background_repeat=&#8221;repeat&#8221; text_text_color=&#8221;#000000&#8243;]<\/p>\n<p class=\"p2\"><span style=\"color: #ff5b5b;\"><b><span style=\"font-size: 14pt;\">MICHOTTE\u00a0\u00a0\u00a0\u00a0\u00a01904-1909<\/span><\/b><\/span><span style=\"font-size: 12pt;\"><br \/>\n Namur \u2013 Gand<\/span><\/p>\n<p class=\"p3\"><span style=\"font-size: 12pt;\">Important carrossier belge, MICHOTTE construisait \u00e0 Gand et Namur des v\u00e9hicules hippomobiles.<\/span><br \/>\n <span style=\"font-size: 12pt;\">Son nom reste associ\u00e9 \u00e0 celui des fr\u00e8res Jules et Adolphe MALEVEZ et \u00e0 la production entre 1904 et 1909 de plusieurs mod\u00e8les de voitures de 2 et 4 cylindres.<\/span><\/p>\n<p>[\/et_pb_text][et_pb_text admin_label=&#8221;MIESSE&#8221; module_id=&#8221;MALEVEZ&#8221; _builder_version=&#8221;4.16&#8243; background_layout=&#8221;dark&#8221; use_border_color=&#8221;off&#8221; border_color=&#8221;#ffffff&#8221; border_style=&#8221;solid&#8221; global_colors_info=&#8221;{}&#8221; background_size=&#8221;initial&#8221; background_position=&#8221;top_left&#8221; background_repeat=&#8221;repeat&#8221; text_text_color=&#8221;#000000&#8243;]<\/p>\n<p class=\"p2\"><span style=\"color: #ff5b5b;\"><b><span style=\"font-size: 14pt;\">MIESSE (Jules Miesse et Cie)\u00a0\u00a0\u00a0\u00a0\u00a01894-1972<\/span><\/b><\/span><br \/>\n rue des Goujons n\u00b0 30 \u00e0 Bruxelles-Midi (Anderlecht)<\/p>\n<div id=\"ConstructeursM14\">\n<p class=\"p2\"><span style=\"font-size: 12pt;\">(soc. des Automobiles MIESSE et Usines Bollinckx \u00e0 partir de 1929)<\/span><\/p>\n<p class=\"p3\"><span style=\"font-size: 12pt;\">C&#8217;est en 1894 que Jules MIESSE installe \u00e0 Bruxelles un atelier de m\u00e9canique g\u00e9n\u00e9rale. Convaincu de l&#8217;avenir de la propulsion \u00e0 vapeur, il s&#8217;int\u00e9resse rapidement \u00e0 la construction automobile et pr\u00e9sente en 1896 un prototype de voiture automobile \u00e0 vapeur appel\u00e9e \u00ab TORPILLE \u00bb qui remportera peu apr\u00e8s \u00e0 DIEGEM la course du kilom\u00e8tre lanc\u00e9, se classant devant diff\u00e9rents mod\u00e8les \u00e9trangers.<\/span><\/p>\n<p class=\"p3\"><span style=\"font-size: 12pt;\">La production de s\u00e9rie d\u00e9butera en 1900 et les premi\u00e8res MIESSE \u00e9taient \u00e9quip\u00e9es de moteurs \u00e0 trois cylindres \u00e0 vapeur de 6 et 10 cv, la chaudi\u00e8re plac\u00e9e \u00e0 l&#8217;avant \u00e9tant couverte d&#8217;un simple capot. Elles seront produites jusqu&#8217;en 1906. Tr\u00e8s appr\u00e9ci\u00e9es en Angleterre o\u00f9 avait \u00e9t\u00e9 constitu\u00e9 en 1902 \u00e0 Londres la soci\u00e9t\u00e9 \u00ab MIESSE STEAM MOTOR SYNDICATE LIMITED \u00bb, MIESSE conc\u00e8de en 1903 \u00e0 la soci\u00e9t\u00e9 anglaise TURNER de Wolverhampton la licence de construction de ce v\u00e9hicule \u00e0 vapeur qui sera produit, outre manche, jusqu&#8217;en 1913 sous le nom de \u00ab TURNER-MIESSE \u00bb.<\/span><\/p>\n<p class=\"p3\"><span style=\"font-size: 12pt;\">Cependant MIESSE, impressionn\u00e9 par le d\u00e9veloppement rapide du moteur \u00e0 p\u00e9trole proc\u00e9dait parall\u00e8lement \u00e0 partir de 1900 \u00e0 des recherches en vue de la mise au point d&#8217;un nouveau 4 cylindres \u00e0 essence. En janvier 1904, MIESSE expose au Salon de Bruxelles un ch\u00e2ssis \u00e9quip\u00e9 d&#8217;une m\u00e9canique \u00e0 tr\u00e8s fort couple, sans bo\u00eete de vitesses con\u00e7u par Robert GOLDSCHMIDT mais qu&#8217;il renoncera \u00e0 produire, sa commercialisation \u00e9tant tent\u00e9e ensuite, mais sans succ\u00e8s, en 1904 et 1905 sous le nom de \u00ab Direct \u00bb par la S.A. de Construction M\u00e9canique et d&#8217;Automobiles (ex Dechamps\/Baudouin) \u00e0 Bruxelles. MIESSE r\u00e9alise encore la construction de camions \u00e0 vapeur destin\u00e9s \u00e0 l&#8217;Etat Ind\u00e9pendant du Congo puis abandonne d\u00e9finitivement en 1906 la propulsion \u00e0 vapeur dont il fut, au d\u00e9part, un ardent d\u00e9fenseur.<\/span><\/p>\n<p class=\"p3\"><span style=\"font-size: 12pt;\">A partir de 1907 la production des Ets. Jules MIESSE est exclusivement orient\u00e9e vers les v\u00e9hicules \u00e0 p\u00e9trole: un 4 cyl. de 24 cv (100 x 120) \u00e0 soupapes lat\u00e9rales et transmission par cardan et un 6 cyl. de 60 cv aux m\u00eames cotes puis en 1908 une nouvelle \u00ab type D \u00bb \u00e0 moteur 4 cyl. monobloc de 30 cv disposant d&#8217;un vilebrequin \u00e0 cinq paliers dont la robustesse fera le succ\u00e8s et sera utilis\u00e9 comme taxi tant \u00e0 Bruxelles que dans d&#8217;autres villes du pays.<\/span><\/p>\n<p class=\"p3\"><span style=\"font-size: 12pt;\">A partir de 1910 MIESSE entame la construction de camions l\u00e9gers, marquant ainsi le d\u00e9but de ce qui deviendra plus tard l&#8217;essentiel de son activit\u00e9. En 1912, il construit un nouveau moteur sans soupape, inspir\u00e9 du syst\u00e8me KNIGHT et l&#8217;ann\u00e9e suivante le radiateur plat des MIESSE est remplac\u00e9 par un radiateur plus profil\u00e9. Se distinguant par une recherche technique d&#8217;avant-garde, surtout en mati\u00e8re de syst\u00e8me de distribution moteur, MIESSE aborde en 1914 la conception d&#8217;un nouveau 4 cyl. monobloc \u00e0 culasse d\u00e9tachable disposant d&#8217;un arbre \u00e0 came en t\u00eate, moteur qu&#8217;il mettra au point durant la p\u00e9riode du premier conflit mondial.<\/span><\/p>\n<p class=\"p3\"><span style=\"font-size: 12pt;\">Apr\u00e8s la \u00ab grande guerre \u00bb, MIESSE s&#8217;oriente r\u00e9solument vers la construction de poids lourds (camions, tracteurs et autobus), se situant une fois encore \u00e0 l&#8217;avant-garde technique (camions \u00e9quip\u00e9s d&#8217;un moteur \u00e0 arbre \u00e0 came en t\u00eate, bo\u00eete cinq vitesses \u2013 dont une 5\u00e8me surmultipli\u00e9e \u2013 formant bloc avec le moteur et transmission \u00e0 vis sans fin type DAIMLER-LANCHESTER).<\/span><\/p>\n<p class=\"p3\"><span style=\"font-size: 12pt;\">Quelques voitures de tourisme \u00e0 moteur 4 et 8 cyl. (69 x 130) seront encore produites de 1920 \u00e0 1927. La 4 cyl. (type H) de 1944 cc \u00e0 course longue, appel\u00e9e 13\/15 HP, dot\u00e9e d&#8217;une bo\u00eete de vitesses \u00e0 3 rapports, d&#8217;un embrayage \u00e0 disques multiples \u00e0 sec et de freins sur les quatre roues, conna\u00eetra un certain succ\u00e8s. Quant au magnifique 8 cyl. en ligne (type J) de 4 litres apparu \u00e0 la m\u00eame \u00e9poque, et qui r\u00e9sultait du jumelage de deux groupes type 13\/15 HP, il ne sera fabriqu\u00e9 qu&#8217;en peu d&#8217;exemplaires. Certaines de ces voitures participeront \u00e0 des \u00e9preuves sportives. Ainsi au Grand Prix de Belgique de 1922 couru sur 600 kms, une MIESSE conduite par Edmond MIESSE, fils du fondateur de la marque, s&#8217;illustrera par la r\u00e9gularit\u00e9 de son comportement. Ce mod\u00e8le sp\u00e9cialement pr\u00e9par\u00e9 pour la course (moteur 2 litres et freins surdimensionn\u00e9s) participera ensuite \u00e0 l&#8217;\u00e9preuve du kilom\u00e8tre lanc\u00e9 \u00e0 OOSTMALLE.<\/span><\/p>\n<p class=\"p3\"><span style=\"font-size: 12pt;\">En 1926\/1927 MIESSE abandonne d\u00e9finitivement le secteur de la production des voitures automobiles pour se consacrer \u00e0 la production de v\u00e9hicules industriels, activit\u00e9 qui se poursuivra jusqu&#8217;en &#8230;. 1972. C&#8217;est dans l&#8217;optique du d\u00e9veloppement de son activit\u00e9 dans le domaine des poids lourds que la firme MIESSE rach\u00e8te en 1926 la soc. des Usines BOLLINCKX qui disposait \u00e0 BUIZINGEN de halls d&#8217;une superficie de 40.000 m\u00b2 et devient ainsi la soci\u00e9t\u00e9 \u00ab Automobiles MIESSE et Usines BOLLINCKX \u00bb qui se tournera \u00e0 partir de 1932 vers la construction de moteurs diesel sous licence GARNER.<\/span><\/p>\n<p class=\"p3\"><span style=\"font-size: 12pt;\">La firme s&#8217;occupera encore du montage sous licence de voitures TATRA en 1935, de voitures NASH \u00e0 partir de 1946 puis de voiturettes MA\u00cfCO en 1956. Lorsqu&#8217;en 1955 Edmond MIESSE d\u00e9c\u00e8de pr\u00e9matur\u00e9ment, Jules MIESSE reprend encore la direction de l&#8217;entreprise qui \u00e0 son d\u00e9c\u00e8s reviendra \u00e0 ses petites filles Yvonne et Ren\u00e9e qui lui succ\u00e9d\u00e8rent \u00e0 la t\u00eate de la firme. La long\u00e9vit\u00e9 exceptionnelle de l&#8217;entreprise, en tant que constructeur belge, aura tenu \u00e0 l&#8217;orientation de sa production vers des ch\u00e2ssis gros porteurs qui sortiront r\u00e9guli\u00e8rement de ses usines jusqu&#8217;en 1972, \u00e9poque o\u00f9 le dernier v\u00e9hicule \u2013 un autobus \u2013 quitte les cha\u00eenes de montage. L&#8217;activit\u00e9 industrielle de la soci\u00e9t\u00e9 prendra d\u00e9finitivement fin le 12 juillet 1974.<\/span><\/p>\n<\/div>\n<p>[\/et_pb_text][et_pb_text admin_label=&#8221;MIGNOT&#8221; module_id=&#8221;MALEVEZ&#8221; _builder_version=&#8221;4.16&#8243; background_layout=&#8221;dark&#8221; use_border_color=&#8221;off&#8221; border_color=&#8221;#ffffff&#8221; border_style=&#8221;solid&#8221; global_colors_info=&#8221;{}&#8221; background_size=&#8221;initial&#8221; background_position=&#8221;top_left&#8221; background_repeat=&#8221;repeat&#8221; text_text_color=&#8221;#000000&#8243;]<\/p>\n<p class=\"p2\"><span style=\"color: #ff5b5b;\"><b><span style=\"font-size: 14pt;\">MIGNOT (MIGNOT et PLESSER)\u00a0\u00a0\u00a0\u00a0\u00a01890<\/span><\/b><\/span><span style=\"font-size: 12pt;\"><br \/>\n Bruxelles<\/span><\/p>\n<p class=\"p3\"><span style=\"font-size: 12pt;\">Aid\u00e9 par un m\u00e9canicien de Cureghem du nom de PLESSER, MIGNOT qui exploitait une quincaillerie rue Neuve \u00e0 Bruxelles, construisit en 1890 une voiture \u00e0 vapeur sous forme d&#8217;un tricycle.<\/span><br \/>\n <span style=\"font-size: 12pt;\">Cette voiture \u00e9tait munie \u00e0 l&#8217;arri\u00e8re d&#8217;une chaudi\u00e8re de type SERPOLLET \u00e0 vaporisation, chaufferie au coke.<\/span><\/p>\n<div id=\"ConstructeursM14\">\u00a0<\/div>\n<p>[\/et_pb_text][et_pb_text admin_label=&#8221;MINARI&#8221; module_id=&#8221;MALEVEZ&#8221; _builder_version=&#8221;4.16&#8243; background_layout=&#8221;dark&#8221; use_border_color=&#8221;off&#8221; border_color=&#8221;#ffffff&#8221; border_style=&#8221;solid&#8221; global_colors_info=&#8221;{}&#8221; background_size=&#8221;initial&#8221; background_position=&#8221;top_left&#8221; background_repeat=&#8221;repeat&#8221; text_text_color=&#8221;#000000&#8243;]<\/p>\n<p class=\"p2\"><span style=\"color: #ff5b5b;\"><b><span style=\"font-size: 14pt;\">MINARI (A.T.M.)\u00a0\u00a0\u00a0\u00a0\u00a01997-2000<\/span><\/b><\/span><span style=\"font-size: 12pt;\"><br \/>\n Bd Delwart n\u00b0 60 \u00e0 Tournai<\/span><\/p>\n<p class=\"p3\"><span style=\"font-size: 12pt;\">Un belge passionn\u00e9 par la construction automobile, Michel CARON a con\u00e7u son propre roadster en collaboration avec deux ing\u00e9nieurs anglais, Sean PRENDERGAST et Andrew BORROWMAN. La MINARI \u00ab Road Sport \u00bb a \u00e9t\u00e9 con\u00e7ue sur base d&#8217;un ch\u00e2ssis monocoque en fibre de verre, sept fois plus r\u00e9sistant que l&#8217;acier, \u00e0 masse \u00e9quivalente. Avec un poids de 640 \u00e0 660 kg selon la variante, sa motorisation qui utilise le 4 cyl. Alfa Romeo Boxer de 1,4 l (90 W) ou de 1,6 l (103 cv) lui permet all\u00e8grement d&#8217;atteindre une vitesse maximale de 200 \u00e0 220 km\/h. Une version \u00e0 transmission int\u00e9grale est \u00e9galement disponible moyennant suppl\u00e9ment. La premi\u00e8re pr\u00e9sentation officielle de ce joli roadster moderne eut lieu en mars 1997 au Salon du Cabriolet.<\/span><\/p>\n<p>[\/et_pb_text][et_pb_text admin_label=&#8221;MINERVA&#8221; module_id=&#8221;MALEVEZ&#8221; _builder_version=&#8221;4.16&#8243; background_layout=&#8221;dark&#8221; use_border_color=&#8221;off&#8221; border_color=&#8221;#ffffff&#8221; border_style=&#8221;solid&#8221; global_colors_info=&#8221;{}&#8221; background_size=&#8221;initial&#8221; background_position=&#8221;top_left&#8221; background_repeat=&#8221;repeat&#8221; text_text_color=&#8221;#000000&#8243;]<\/p>\n<p class=\"p2\"><span style=\"color: #ff5b5b;\"><b><span style=\"font-size: 14pt;\">MINERVA\u00a0\u00a0\u00a0\u00a0\u00a01897-1935 <\/span><\/b><\/span><span style=\"font-size: 12pt;\"><br \/>\n 1897 \u2013 Soci\u00e9t\u00e9 en commandite simple \u00ab S. de Jong et Cie \u00bb<br \/>\n 1903 &#8211; Soci\u00e9t\u00e9 anonyme \u00ab MINERVA MOTORS \u00bb<br \/>\n Anvers<\/span><\/p>\n<p class=\"p2\"><span style=\"font-size: 12pt;\"><img loading=\"lazy\" decoding=\"async\" class=\"size-full wp-image-202331 alignright\" src=\"https:\/\/rvccb.be\/wp-content\/uploads\/2016\/09\/Logo-Minerva.png\" alt=\"logo-minerva\" width=\"120\" height=\"120\" srcset=\"https:\/\/rvccb.be\/wp-content\/uploads\/2016\/09\/Logo-Minerva.png 120w, https:\/\/rvccb.be\/wp-content\/uploads\/2016\/09\/Logo-Minerva-100x100.png 100w\" sizes=\"(max-width: 120px) 100vw, 120px\" \/>Des ouvrages remarquables ont \u00e9t\u00e9 publi\u00e9s sur cette grande marque belge, sans doute la plus prestigieuse. Il s&#8217;agit notamment du livre particuli\u00e8rement bien document\u00e9 de Y. et J. KUPELIAN paru en 1985 et de celui, plus r\u00e9cent de Ph. BOVAL et A. VALCKE, consacr\u00e9 aux MINERVA survivantes d&#8217;aujourd&#8217;hui. Un article consacr\u00e9 \u00e0 MINERVA ne peut qu&#8217;\u00eatre incomplet d\u00e8s l&#8217;instant o\u00f9 il se limite \u00e0 retracer les principales \u00e9tapes de la production des usines anversoises dont Sylvain de JONG fut l&#8217;animateur et le patron pendant trente ans.<\/span><\/p>\n<p class=\"p2\"><span style=\"font-size: 12pt;\"><u>Les d\u00e9buts de MINERVA : de la bicyclette \u00e0 la motocyclette (1897 \u2013 1910)<\/u><\/span><\/p>\n<p class=\"p3\"><span style=\"font-size: 12pt;\"><img loading=\"lazy\" decoding=\"async\" class=\"size-full wp-image-202332 alignleft\" src=\"https:\/\/rvccb.be\/wp-content\/uploads\/2016\/09\/Godin-Minerva.png\" alt=\"godin-minerva\" width=\"205\" height=\"200\" \/>D&#8217;origine hollandaise, la famille de JONG s&#8217;installe en Belgique en 1881 alors que leurs fils Sylvain \u00e0 treize ans. Apr\u00e8s des d\u00e9buts professionnels de journaliste \u00e0 l&#8217;agence de presse HAVAS, Sylvain de JONG passionn\u00e9 de technique, fonde en 1897 avec ses deux fr\u00e8res Henri et Jacques et trois commer\u00e7ants anversois, une entreprise de production de bicyclettes sous la forme d&#8217;une soci\u00e9t\u00e9 en commandite simple, la \u00ab S. de JONG et Cie \u00bb qui adopte la marque \u00ab MINERVA \u00bb \u00e0 l&#8217;embl\u00e8me de Minerve, d\u00e9esse de l&#8217;intelligence, de la sagesse et des arts. Install\u00e9e rue de la P\u00e9pini\u00e8re \u00e0 Anvers (qui deviendra rue Karel Ooms peu avant 1914), la soci\u00e9t\u00e9 va se d\u00e9velopper rapidement produisant 200 bicyclettes par semaine. D\u00e8s 1900, Sylvain de JONG ach\u00e8te le brevet du moteur suisse ZWICKER et L\u00dcTHI et entame la construction de motocyclettes, production qu&#8217;il poursuivra jusqu&#8217;en 1910. Durant cette p\u00e9riode plus de 25.000 motos sortiront des Usines d&#8217;Anvers et les motos MINERVA se distingueront dans diverses comp\u00e9titions belges et \u00e9trang\u00e8res tels le Tour du Nord en Italie, Paris-Bordeaux, le Circuit des Ardennes en 1904 et la Coupe de Liedekerke en 1907.<\/span><\/p>\n<p class=\"p3\"><span style=\"font-size: 12pt;\"><u>La naissance des automobiles MINERVA et leur d\u00e9veloppement jusqu&#8217;en 1914.<\/u><\/span><\/p>\n<p class=\"p3\"><span style=\"font-size: 12pt;\">Sylvain de JONG ne pouvait rester indiff\u00e9rent au d\u00e9veloppement de l&#8217;automobile. En 1899 d\u00e9j\u00e0, \u00e0 l&#8217;occasion du \u00ab Salon du Cycle et de l&#8217;Automobile \u00bb d&#8217;Anvers il pr\u00e9sente une premi\u00e8re voiturette MINERVA , \u00e9quip\u00e9e d&#8217;un moteur 2 cyl. de 6 cv plac\u00e9 \u00e0 l&#8217;avant, \u00e0 transmission par cha\u00eene et bo\u00eete 3 vitesses \u00e0 engrenages. Un nombre restreint de voiturettes seront produites tant la capacit\u00e9 de l&#8217;usine \u00e9tait absorb\u00e9e par la construction des motos.<\/span><\/p>\n<p class=\"p3\"><span style=\"font-size: 12pt;\">Il convenait alors de trouver de nouveaux capitaux et des b\u00e2timents adapt\u00e9s \u00e0 la construction automobile. En 1903 la \u00ab soci\u00e9t\u00e9 anonyme MINERVA MOTORS \u00bb est constitu\u00e9e \u00e0 Anvers au capital de 1.250.000 Frs, les deux directeurs \u00e9tant Sylvain de JONG et son ami David CITRO\u00cbN, agent renomm\u00e9 de MINERVA \u00e0 Londres.<\/span><\/p>\n<p class=\"p3\"><span style=\"font-size: 12pt;\">Une nouvelle usine de trois \u00e9tages et de conception moderne avec infrastructure en b\u00e9ton et fen\u00eatres m\u00e9talliques est inaugur\u00e9e le 28 d\u00e9cembre 1904 en pr\u00e9sence du Ministre du Travail FRANCOTTE, du Gouverneur de la Province d&#8217;Anvers et du Bourgmestre d&#8217;Anvers Jan VAN RIJSWIJCK. Elle est \u00e9rig\u00e9e sur des terrains achet\u00e9s rue Karel Ooms, en face des anciennes usines de la marque. Ainsi, en 1905, la construction automobile peut r\u00e9ellement commencer. Au cours de la premi\u00e8re ann\u00e9e les Usines MINERVA qui occupent d\u00e9j\u00e0 550 ouvriers produiront 300 voitures, 600 voiturettes et quelque 5.000 \u00e0 6.000 motos et moteurs. D\u00e8s 1906 une aile suppl\u00e9mentaire est construite, les ateliers couvrant alors une superficie de 15.000 m\u00b2 abritant 1.000 ouvriers.<\/span><\/p>\n<p class=\"p3\"><span style=\"font-size: 12pt;\">C&#8217;est au Salon de Londres de 1908 que MINERVA expose, \u00e0 c\u00f4t\u00e9 de ses mod\u00e8les \u00e0 moteurs \u00e0 soupapes, une nouvelle 38 cv. \u00e9quip\u00e9e d&#8217;un moteur \u00ab syst\u00e8me KNIGHT \u00bb sans soupape con\u00e7u sous licence obtenue de l&#8217;ing\u00e9nieur am\u00e9ricain Charles Y. KNIGHT. Cette nouveaut\u00e9 allait marquer l&#8217;histoire de la marque qui, d\u00e8s 1909, adopte le \u00ab sans soupape \u00bb \u00e0 l&#8217;ensemble de sa production. La p\u00e9riode de 1906 \u00e0 1909 sera cependant caract\u00e9ris\u00e9e par d&#8217;importants conflits sociaux \u2013 gr\u00e8ves et lock-out \u2013 aboutissant \u00e0 l&#8217;octroi de trois jours de cong\u00e9s pay\u00e9s aux ouvriers, ce qui, pour l&#8217;\u00e9poque, \u00e9tait exceptionnel.<\/span><\/p>\n<p class=\"p3\"><span style=\"font-size: 12pt;\">A partir de 1910 MINERVA MOTORS arr\u00eate d\u00e9finitivement sa production de motocyclettes, consacrant ses activit\u00e9s \u00e0 la seule construction automobile. Un nouveau b\u00e2timent de trois \u00e9tages est \u00e9rig\u00e9 \u00e0 c\u00f4t\u00e9 de l&#8217;usine existante et l&#8217;usine occupe alors 1.600 travailleurs. Avec des exportations en pleine croissance \u2013 1.200 ch\u00e2ssis sortiront de ses usines en 1911 \u2013 MINERVA \u00e9tend encore ses installations par la construction d&#8217;un nouvel immeuble portant ainsi la superficie des usines \u00e0 40.000 m\u00b2. En 1912\/1913, 3.000 travailleurs sont occup\u00e9s par MINERVA qui, avec 800 machines-outils, r\u00e9alise un chiffre d&#8217;affaire annuel de 20 millions et une production de 3.000 ch\u00e2ssis par an.<\/span><\/p>\n<p class=\"p3\"><span style=\"font-size: 12pt;\">Ainsi au cours de la premi\u00e8re d\u00e9cennie du XX\u00b0 si\u00e8cle le d\u00e9veloppement de MINERVA, sans \u00e9quivalent en Belgique dans le domaine de l&#8217;automobile, lui permet de r\u00e9aliser des b\u00e9n\u00e9fices variant de 2 \u00e0 3,8 millions par an. Dans le courant de 1913, les Usines MINERVA entament la construction de v\u00e9hicules commerciaux, ambulances et camions de 2 et 3 tonnes de charge utile.<\/span><\/p>\n<p class=\"p3\"><span style=\"font-size: 12pt;\"><u>La p\u00e9riode du premier conflit mondial (1914-1918).<\/u><\/span><\/p>\n<p class=\"p3\"><span style=\"font-size: 12pt;\">Dans les mois qui pr\u00e9c\u00e8dent l&#8217;invasion allemande de la Belgique, MINERVA entame \u00e0 la demande de l&#8217;arm\u00e9e belge la construction d&#8217;ambulances, d&#8217;automitrailleuses et de munitions. Lorsque les allemands p\u00e9n\u00e8trent \u00e0 Anvers en octobre 1914, Sylvain de JONG et ses principaux collaborateurs se r\u00e9fugient en Hollande. Les Usines MINERVA seront occup\u00e9es de fa\u00e7on permanente \u00e0 partir de l&#8217;\u00e9t\u00e9 1915 par l&#8217;arm\u00e9e allemande pour la r\u00e9paration de son mat\u00e9riel militaire roulant et lorsque Sylvain de JONG revient \u00e0 Anvers en novembre 1918, ce sera pour constater que les installations ont \u00e9t\u00e9 pill\u00e9es de 9\/10\u00e8me de ses machines et que les b\u00e2timents ont \u00e9t\u00e9 ravag\u00e9s par les bombardements. Mais le patron de MINERVA MOTORS n&#8217;\u00e9tait pas rest\u00e9 inactif en Hollande, pr\u00e9parant les plans des voitures de l&#8217;apr\u00e8s-guerre et profitant d&#8217;un voyage aux Etats-Unis pour passer commande de machines ultra-modernes de production et de mati\u00e8res premi\u00e8res \u00e0 livrer d\u00e8s la fin du conflit. Apr\u00e8s diverses difficult\u00e9s rencontr\u00e9es avec les autorit\u00e9s belges, il obtiendra finalement au d\u00e9but de 1919 les premi\u00e8res licences d&#8217;importation lui permettant d&#8217;envisager le red\u00e9marrage de la production automobile.<\/span><\/p>\n<p class=\"p3\"><span style=\"font-size: 12pt;\"><u>La relance apr\u00e8s 1918 et le d\u00e9clin progressif de l&#8217;entreprise jusqu&#8217;\u00e0 sa reprise en 1935 par le groupe IMPERIA.<\/u><\/span><\/p>\n<p class=\"p3\"><span style=\"font-size: 12pt;\">En plus de la reconstruction des b\u00e2timents, MINERVA se heurte \u00e0 un conflit social qui retardera la mise en production et la livraison des nouvelles et luxueuses 20 et 30 cv de 3,5 et 5,3 litres de cylindr\u00e9e toujours \u00e0 distribution KNIGHT. Nonobstant l&#8217;inflation mon\u00e9taire qui eut de lourdes cons\u00e9quences financi\u00e8res pour l&#8217;entreprise, celle-ci prit en 1922 des mesures sociales novatrices pour l&#8217;\u00e9poque et entama un nouveau d\u00e9veloppement. Avec la relance de la production appara\u00eet en 1922 le prestigieux bouchon de radiateur \u00ab t\u00eate de Minerve \u00bb cr\u00e9\u00e9 par Pieter de SOETE.<\/span><\/p>\n<p class=\"p3\"><span style=\"font-size: 12pt;\">En 1923, MINERVA rach\u00e8te les installations de la SAVA (autre constructeur anversois) pour y implanter son d\u00e9partement de pi\u00e8ces de rechanges et ses Ateliers de r\u00e9paration ainsi que les usines AUTO-TRACTION qui abriteront la construction de poids lourds. Quant au d\u00e9partement carrosserie il s&#8217;installera dans des nouveaux b\u00e2timents construits \u00e0 MORTSEL en 1923\/24 sur huit hectares de terrains \u00e0 front de la Vredebaan, l&#8217;agrandissement des anciennes Usines MINERVA \u00e9tant rendue impossible \u00e0 cause de la ceinture de forts entourant la ville d&#8217;Anvers. La division de MORTSEL sera la plus moderne et la plus \u00e9tendue des Usines MINERVA , couvrant une superficie de 37.500 m\u00b2 et disposant d&#8217;\u00e9normes halls de construction bien a\u00e9r\u00e9s et \u00e9clair\u00e9s o\u00f9 l&#8217;organisation du travail \u00e9tait optimale.<\/span><\/p>\n<p class=\"p3\"><span style=\"font-size: 12pt;\">En 1926 la petite 12 cv de MINERVA \u00e0 moteur 6 cyl. De 2 litres et vilebrequin \u00e0 7 paliers entre en production \u00e0 grande \u00e9chelle.Mais des changements importants interviennent dans le capital social dont l&#8217;augmentation fut la cons\u00e9quence n\u00e9cessaire de multiples facteurs : inflation mon\u00e9taire, crise \u00e9conomique, adaptation constante des m\u00e9thodes de production, du parc des machines et des techniques de gestion. A c\u00f4t\u00e9 de petits investisseurs priv\u00e9s apparaissent des groupes financiers et des banques qui vont dor\u00e9navant intervenir dans la gestion de l&#8217;entreprise, dont la Banque d&#8217;Outre-Mer qui deviendra le groupe d&#8217;int\u00e9r\u00eat le plus important au sein du Conseil d&#8217;Administration.<\/span><\/p>\n<p class=\"p3\"><span style=\"font-size: 12pt;\">En 1927 une lutte d&#8217;influence s&#8217;engage entre les fr\u00e8res de JONG et les repr\u00e9sentants choisis par Banque d&#8217;Outre-Mer, MM. MARQUET p\u00e8re et fils. En d\u00e9cembre 1927 Sylvain de JONG quitte ses fonctions d&#8217;Administrateur-D\u00e9l\u00e9gu\u00e9 et de Directeur-G\u00e9n\u00e9ral de MINERVA MOTORS, et re\u00e7oit le titre de Directeur-G\u00e9n\u00e9ral d&#8217;Honneur. Le 18 janvier 1928 le groupe MARQUET \u2013 magnat de la presse et propri\u00e9taire d&#8217;une cha\u00eene h\u00f4teli\u00e8re \u2013 contr\u00f4le MINERVA MOTORS. Le 26 avril 1928 Sylvain de JONG d\u00e9c\u00e8de des suites d&#8217;un cancer de la gorge.<\/span><\/p>\n<p class=\"p3\"><span style=\"font-size: 12pt;\">L&#8217;ann\u00e9e 1929 voit encore MINERVA MOTORS atteindre sa dimension maximale avec 6.500 travailleurs r\u00e9partis dans six usines modernes s&#8217;\u00e9tendant sur plus de 20 hectares (37.500 m\u00b2 \u00e0 Anvers, 8.500 m\u00b2 \u00e0 Berchem, 110.000 m\u00b2 \u00e0 Mortsel, 18.000 m\u00b2 \u00e0 Larchiennes, 7.500 m\u00b2 \u00e0 Anderlecht et 1.000 m\u00b2 \u00e0 Lier). C&#8217;est \u00e0 cette \u00e9poque que la division poids lourds, trop \u00e0 l&#8217;\u00e9troit dans les anciennes usines, au demeurant obsol\u00e8tes, d&#8217;AUTO-TRACTION \u00e0 Hemiksem, s&#8217;installe dans les nouveaux b\u00e2timents de Mortsel.<\/span><\/p>\n<p class=\"p3\"><span style=\"font-size: 12pt;\">Mais \u2013 \u00e0 l&#8217;exception de la petite 12 cv dont la production commen\u00e7a en 1926 \u2013 tous les mod\u00e8les de voitures MINERVA sont des v\u00e9hicules de luxe, souvent construits sur mesure et destin\u00e9s \u00e0 un public \u00e9litaire. Au krach financier de Wall Street en 1929, lequel influencera n\u00e9gativement la valeur du titre MINERVA cot\u00e9 en bourse, s&#8217;ajoutent l&#8217;inadaptation de sa production \u00e0 l&#8217;\u00e9volution du march\u00e9, la baisse des exportations caus\u00e9e par l&#8217;augmentation des tarifs douaniers ainsi que les erreurs de gestion du groupe ARQUET conservant un moteur type KNIGHT technologiquement d\u00e9pass\u00e9. our ne pas s&#8217;\u00eatre orient\u00e9 suffisamment \u00e0 temps vers la construction de v\u00e9hicules plus petits, plus l\u00e9gers et moins co\u00fbteux, MINERVA MOTORS entre dans une phase de d\u00e9clin progressif qui s&#8217;acc\u00e9l\u00e8rera entre 1930 et 1935.<\/span><\/p>\n<p class=\"p3\"><span style=\"font-size: 12pt;\">On ne pr\u00e9sente pas en 1933, en pleine crise \u00e9conomique, une 8 cyl de 6,6 litres et de 40 cv, pesant 2,8 tonnes et co\u00fbtant 215.000 Frs alors qu&#8217;une FORD T se vend 12.500 Frs! Comment pouvoir survivre dans un march\u00e9 en pleine \u00e9volution o\u00f9 la production automobile est dor\u00e9navant ax\u00e9e sur le travail \u00e0 la cha\u00eene et l&#8217;automatisation alors que chez MINERVA il faut encore 21 heures de travail pour poser 6 bielles, autant pour monter un moteur et une journ\u00e9e pour ajuster un vilebrequin, chaque \u00e9l\u00e9ment \u00e9tant soigneusement contr\u00f4l\u00e9?<\/span><\/p>\n<p class=\"p3\"><span style=\"font-size: 12pt;\">Aussi lorsqu&#8217;en 1934, dans un ultime sursaut, MINERVA tente de lancer sur le march\u00e9 la M-4, une 4 cyl de 1978 cc toujours \u00e0 distribution KNIGHT, il est malheureusement beaucoup trop tard. Des 400 exemplaires produits \u2013 et vendus d&#8217;ailleurs \u00e0 perte \u2013 il restera encore des invendus lorsque, apr\u00e8s avoir arr\u00eat\u00e9 successivement plusieurs divisions de l&#8217;entreprise, les Usines MINERVA ferment d\u00e9finitivement leurs portes le 9 novembre 1934. La faillite retentissante de MINERVA MOTORS avec une perte reconnue de 100 millions (!) sera cependant rapport\u00e9e \u00e0 la demande de diff\u00e9rents cr\u00e9anciers mais cette survie provisoire et artificielle ne changera rien.<\/span><\/p>\n<p class=\"p3\"><span style=\"font-size: 12pt;\">Fin 1935 le groupe IMPERIA de Mathieu VAN ROGGEN rach\u00e8te les titres de MINERVA reprenant ensuite ce qui restait alors d&#8217;une entreprise qui fut le plus beau fleuron de l&#8217;industrie automobile belge. L&#8217;agonie de la marque jusqu&#8217;en 1953 apr\u00e8s sa reprise par IMPERIA. IMPERIA poursuivra quelques temps, et \u00e0 un rythme tr\u00e8s limit\u00e9, la production des mod\u00e8les existants s&#8217;orientant plut\u00f4t vers les v\u00e9hicules industriels et poids lourds \u2013 camions et autobus \u2013 que Mathieu VAN ROGGEN \u00e9quipera de moteurs \u00e0 soupapes lat\u00e9rales ou diesel sous licence GANZ-JENDRASSIK. Pour des raisons d&#8217;image commerciale, certaines IMPERIA produites \u00e0 Nessonvaux sous licence ADLER seront vendues \u00e0 l&#8217;\u00e9tranger \u2013 notamment en France et en Angleterre \u2013 sous le nom de MINERVA.<\/span><\/p>\n<p class=\"p3\"><span style=\"font-size: 12pt;\">En 1937 Mathieu VAN ROGGEN pr\u00e9sente aux Salons de Paris et de Bruxelles un prototype \u00ab MINERVA TAM-18 \u00bb ressemblant \u00e0 une grande IMPERIA, prototype \u00e9quip\u00e9 d&#8217;un moteur FORD V8 de 3,6 litres et du syst\u00e8me de changement de vitesse continu et m\u00e9canique brevet\u00e9 sous le nom de RVR rachet\u00e9 \u00e0 l&#8217;ing\u00e9nieur ROBIN.<\/span><\/p>\n<p class=\"p3\"><span style=\"font-size: 12pt;\">Durant la seconde guerre mondiale les usines de Mortsel seront occup\u00e9es par les allemands de mai 1940 \u00e0 septembre 1944 puis par les anglais jusqu&#8217;en 1947. Fin 1945, le personnel de la division MINERVA s&#8217;installe provisoirement dans un fort d\u00e9saffect\u00e9 d&#8217;Anvers (le Fort V d&#8217;Edegem) o\u00f9 il entame la production de camionnettes \u00e0 cabine avanc\u00e9e type C-5 \u00e0 moteur MINERVA et soupapes lat\u00e9rales, de quelques ch\u00e2ssis d&#8217;autobus et de pi\u00e8ces de rechange pour les anciens mod\u00e8les MINERVA.<\/span><\/p>\n<p class=\"p3\"><span style=\"font-size: 12pt;\">Mathieu VAN ROGGEN r\u00e9cup\u00e8re en 1947 les anciennes usines de Mortsel malheureusement d\u00e9labr\u00e9es et ruin\u00e9es par les bombardements. Il obtiendra ensuite de l&#8217;arm\u00e9e belge une importante commande de v\u00e9hicules militaires tout terrain construits sous licence LAND-ROVER de 1951 \u00e0 1956, lesquels seront propos\u00e9s \u00e0 la client\u00e8le civile \u00e0 partir d&#8217;octobre 1953. Cinq cents ouvriers travaillent alors dans les installations de Mortsel o\u00f9 9 .000 exemplaires du mod\u00e8le tout terrain type LAND-ROVER seront produits sous la marque MINERVA, dont 8.500 exemplaires destin\u00e9s \u00e0 la D\u00e9fense Nationale.<\/span><\/p>\n<p class=\"p3\"><span style=\"font-size: 12pt;\">Les tentatives de cr\u00e9ations propres resteront des \u00e9checs malgr\u00e9 les efforts de la \u00ab Soci\u00e9t\u00e9 Nouvelle MINERVA \u00bb de se positionner sur le plan commercial, disposant alors de bureaux et magasins \u00e0 Bruxelles (rue L\u00e9opold Ier \u00e0 Laeken dans les usines LIBERTY) et d&#8217;une salle d&#8217;exposition (avenue de la Toison d&#8217;Or \u00e0 Bruxelles) Ainsi le prototype 4 portes con\u00e7u par les Usines italiennes CAPRONI qui devait \u00eatre \u00e9quip\u00e9 d&#8217;un nouveau moteur de conception MINERVA \u2013 un flat-four de 1.501cc refroidi par air et additionnellement par circulation d&#8217;huile \u2013 pr\u00e9sent\u00e9 au Salon de Bruxelles de 1953 n&#8217;entrera jamais en production et le projet de v\u00e9hicules tout terrain C-10 et C-22 \u00e0 usage civil, \u00e0 structure monocoque et moteur \u00e0 essence CONTINENTAL ou diesel JENBACH ne sera construit qu&#8217;\u00e0 une dizaine d&#8217;exemplaires.<\/span><\/p>\n<p class=\"p3\"><span style=\"font-size: 12pt;\">La firme de Mortsel s&#8217;occupera du montage des voitures anglaises ARMSTRONG-SIDDELEY et construira des scooters sous licence italienne MV sur base duquel il tentera d&#8217;\u00e9laborer un projet de tricar. Les derniers v\u00e9hicules MINERVA figureront encore dans l&#8217;ultime catalogue de la marque de 1958 avant que la firme ne soit d\u00e9clar\u00e9e en faillite le 20 mars 1958. Avec le morcellement et la vente des b\u00e2timents de Mortsel, la grande marque belge MINERVA disparaissait d\u00e9finitivement apr\u00e8s une longue et ultime agonie.<\/span><\/p>\n<p class=\"p3\"><span style=\"font-size: 12pt;\"><u>Nomenclatures des principaux mod\u00e8les de voitures de tourisme produits par MINERVA<\/u><\/span><\/p>\n<p class=\"p3\"><span style=\"font-size: 12pt;\">1. Mod\u00e8les \u00e9quip\u00e9s de moteurs \u00e0 soupapes (1904 \u00e0 1909)<\/span><\/p>\n<p class=\"p3\"><span style=\"font-size: 12pt;\">1904-1905 Type C 10 cv 2 cyl. s\u00e9par\u00e9s 1450 cc (1)<\/span><br \/>\n <span style=\"font-size: 12pt;\">1904 Type D 15 cv 3 cyl.s\u00e9par\u00e9s 2190 cc (1)<\/span><br \/>\n <span style=\"font-size: 12pt;\">1904-1905 Type E 14\/20 cv 4 cyl.s\u00e9par\u00e9s 2900 cc (1)<\/span><br \/>\n <span style=\"font-size: 12pt;\">1905-1906 Type A 5 cv 1 cyl. 635 cc Minervette (2)<\/span><br \/>\n <span style=\"font-size: 12pt;\">1905 Type B 8 cv 1 cyl. &#8211; (1)<\/span><br \/>\n <span style=\"font-size: 12pt;\">1906 Type F 16 \/18 cv 4 cyl. bibloc 2900 \u00e0 3020cc (3)<\/span><br \/>\n <span style=\"font-size: 12pt;\">1906 Type G 22 cv 4 cyl. bibloc 3600 cc (3)<\/span><br \/>\n <span style=\"font-size: 12pt;\">1907 Type H 24 cv 4 cyl. bibloc 4057 cc (3)<\/span><br \/>\n <span style=\"font-size: 12pt;\">1907 Type K 40 cv 6 cyl. tribloc 6230 cc (3)<\/span><br \/>\n <span style=\"font-size: 12pt;\">1908-1909 Type L 18 cv 4 cyl. bibloc 3760 cc (3)<\/span><br \/>\n <span style=\"font-size: 12pt;\">1908 Type M 28 cv 4 cyl. bibloc 5878 cc (3)<\/span><br \/>\n <span style=\"font-size: 12pt;\">1909 Type N 25 cv 4 cyl. bibloc 4057 cc (3)<\/span><br \/>\n <span style=\"font-size: 12pt;\">1909 Type O (OT) 15 cv 4 cyl.monobloc 2496 cc (3) (4)<\/span><br \/>\n <span style=\"font-size: 12pt;\">1909 Type P 7 cv 4 cyl. 1500 cc (3)<\/span><\/p>\n<p class=\"p3\"><span style=\"font-size: 12pt;\">(1) ch\u00e2ssis en bois arm\u00e9 avec faux-ch\u00e2ssis;<\/span><br \/>\n <span style=\"font-size: 12pt;\">(2) ch\u00e2ssis tubulaire d&#8217;un poids de 250 kg (production \u00b1 600 exemplaires);<\/span><br \/>\n <span style=\"font-size: 12pt;\">(3) les ch\u00e2ssis sont en t\u00f4le emboutie et la transmission par cardan remplace dor\u00e9navant la transmission par cha\u00eene;<\/span><br \/>\n <span style=\"font-size: 12pt;\">(4) apparition du premier moteur monobloc de MINERVA.<\/span><\/p>\n<p class=\"p3\"><span style=\"font-size: 12pt;\">2. Mod\u00e8les \u00e9quip\u00e9s de moteurs sans soupape (licence KNIGHT)<\/span><\/p>\n<p class=\"p3\"><span style=\"font-size: 12pt;\">1908-1914 Types U-V-Z-CC-HH-MM 38 cv 4 cyl. bibloc 6276 cc (1)<\/span><br \/>\n <span style=\"font-size: 12pt;\">1910-1914 Types S-X-BB-GG-LL 26 cv 4 cyl. bibloc 4084 cc <\/span><br \/>\n <span style=\"font-size: 12pt;\">1910-1912 Types R-RT-W-WT-AA 16 cv 4 cyl.monobloc 2323 cc<\/span><br \/>\n <span style=\"font-size: 12pt;\">1913-1914 Types EE-KK 18 cv 4 cyl. bibloc 3307 cc (2)<\/span><br \/>\n <span style=\"font-size: 12pt;\">1913-1914 Types DD-JJ 14 cv 4 cyl. bibloc 2116 cc (3)<\/span><br \/>\n <span style=\"font-size: 12pt;\">1919-1924 Types NN-PP-ZZ 20 cv 4 cyl.monobloc 3750 cc<\/span><br \/>\n <span style=\"font-size: 12pt;\">1920-1928 Types OO-RR-WW-AC-AF 30 cv 6 cyl.monobloc 5355cc <\/span><br \/>\n <span style=\"font-size: 12pt;\">1922-1924 Types TT-XX 15 cv 4 cyl.monobloc 1978 cc <\/span><br \/>\n <span style=\"font-size: 12pt;\">1923-1930 Types UU-AB-AE 20 cv 6 cyl.monobloc 2927 cc<\/span><br \/>\n <span style=\"font-size: 12pt;\">1925-1927 Types AD-AG 16 cv 4 cyl.monobloc 2255 cc <\/span><br \/>\n <span style=\"font-size: 12pt;\">1927-1933 Types AH-AN-AD et AS\/2000 12 cv-SIX 6 cyl. 2004 cc (4)<\/span><br \/>\n <span style=\"font-size: 12pt;\">1928-1932 Types AK(AM) AKS 32 cv 6 cyl. 5952 cc <\/span><br \/>\n <span style=\"font-size: 12pt;\">1930-1936 Type AL 40 cv 8 cyl. 6616 cc (5)<\/span><br \/>\n <span style=\"font-size: 12pt;\">1930-1935 Type AP(M-8) 22 cv 8 cyl. 3960 cc (5)<\/span><br \/>\n <span style=\"font-size: 12pt;\">1931-1935 Type AR(M-6) et 17cv Sport 17 cv 6 cyl. 2976 cc <\/span><br \/>\n <span style=\"font-size: 12pt;\">1933-1937 Type 25cv Rapide 4000SP 25 cv 8 cyl. 3960 cc (6)<\/span><br \/>\n <span style=\"font-size: 12pt;\">1934-1936 Type M-4 &#8211; 4 cyl. 1978 cc (7)<\/span><\/p>\n<p class=\"p3\"><span style=\"font-size: 12pt;\">(1) vilebrequin \u00e0 5 paliers \u2013 option de suspension \u00e0 air type WESTINGHOUSE ;<\/span><br \/>\n <span style=\"font-size: 12pt;\">(2) pont arri\u00e8re \u00e0 pignon d&#8217;angle ;<\/span><br \/>\n <span style=\"font-size: 12pt;\">(3) pont arri\u00e8re \u00e0 vis ;<\/span><br \/>\n <span style=\"font-size: 12pt;\">(4) vilebrequin \u00e0 7 paliers ;<\/span><br \/>\n <span style=\"font-size: 12pt;\">(5) vilebrequin \u00e0 9 paliers ;<\/span><br \/>\n <span style=\"font-size: 12pt;\">(6) ch\u00e2ssis \u00e0 croisillons ;<\/span><br \/>\n <span style=\"font-size: 12pt;\">(7) vilebrequin \u00e0 3 paliers et ch\u00e2ssis t\u00f4le caisson \u00e0 traverses \u2013 production \u00b1 400 exemplaires.<\/span><\/p>\n<p class=\"p3\"><span style=\"font-size: 12pt;\">La production globale des v\u00e9hicules de tourisme (hors utilitaires) de MINERVA serait de \u00b1 50.000 exemplaires (estimation maximale plausible) dont \u00b1 3.000 avec moteurs \u00e0 soupapes durant la premi\u00e8re p\u00e9riode de 1904 \u00e0 1909 (soit \u00b1 500 v\u00e9hicules par an).<\/span><\/p>\n<p>[\/et_pb_text][et_pb_text admin_label=&#8221;MINET&#8221; module_id=&#8221;MALEVEZ&#8221; _builder_version=&#8221;4.16&#8243; background_layout=&#8221;dark&#8221; use_border_color=&#8221;off&#8221; border_color=&#8221;#ffffff&#8221; border_style=&#8221;solid&#8221; global_colors_info=&#8221;{}&#8221; background_size=&#8221;initial&#8221; background_position=&#8221;top_left&#8221; background_repeat=&#8221;repeat&#8221; text_text_color=&#8221;#000000&#8243;]<\/p>\n<p class=\"p2\"><span style=\"color: #ff5b5b;\"><b><span style=\"font-size: 14pt;\">MINET Fr\u00e8res\u00a0\u00a0\u00a0\u00a0\u00a01913<\/span><\/b><\/span><span style=\"font-size: 12pt;\"><br \/>\n Ce carrossier belge habilla en 1913 des ch\u00e2ssis import\u00e9s des USA par la firme AMA (American Motor Car Agency).<br \/>\n De go\u00fbt europ\u00e9en, avec un radiateur en coupe-vent inspir\u00e9 de celui des METALLURGIQUE, ces v\u00e9hicules recevaient des roues fils METROPOLE. Au Meeting d&#8217;Ostende de 1913 une AMA (18\/24 cv) se classa seconde dans la course des 20 km.<br \/>\n <\/span><\/p>\n<p>[\/et_pb_text][et_pb_text admin_label=&#8221;MINEUR&#8221; module_id=&#8221;MALEVEZ&#8221; _builder_version=&#8221;4.16&#8243; background_layout=&#8221;dark&#8221; use_border_color=&#8221;off&#8221; border_color=&#8221;#ffffff&#8221; border_style=&#8221;solid&#8221; global_colors_info=&#8221;{}&#8221; background_size=&#8221;initial&#8221; background_position=&#8221;top_left&#8221; background_repeat=&#8221;repeat&#8221; text_text_color=&#8221;#000000&#8243;]<\/p>\n<p class=\"p2\"><span style=\"color: #ff5b5b;\"><b><span style=\"font-size: 14pt;\">MINEUR (Automobile MINEUR)\u00a0\u00a0\u00a0\u00a0\u00a01924<\/span><\/b><\/span><span style=\"font-size: 12pt;\"><br \/>\n rue du Vieux Pont n\u00b0 3 \u00e0 Marchienne-au-Pont<\/span><\/p>\n<p class=\"p3\"><span style=\"font-size: 12pt;\">La soci\u00e9t\u00e9 des automobiles MINEUR fabriquait des motos de tourisme et de comp\u00e9tition.<\/span><br \/>\n <span style=\"font-size: 12pt;\">En 1924 elle d\u00e9veloppa ses activit\u00e9s en transformant des Ford T dot\u00e9es d&#8217;un radiateur en V dont la m\u00e9canique \u00e9tait revue et le confort am\u00e9lior\u00e9. Elles furent expos\u00e9es au Salon de Bruxelles de 1924.<\/span><\/p>\n<p>[\/et_pb_text][et_pb_text admin_label=&#8221;MISTRAL&#8221; module_id=&#8221;MALEVEZ&#8221; _builder_version=&#8221;4.16&#8243; background_layout=&#8221;dark&#8221; use_border_color=&#8221;off&#8221; border_color=&#8221;#ffffff&#8221; border_style=&#8221;solid&#8221; global_colors_info=&#8221;{}&#8221; background_size=&#8221;initial&#8221; background_position=&#8221;top_left&#8221; background_repeat=&#8221;repeat&#8221; text_text_color=&#8221;#000000&#8243;]<\/p>\n<p class=\"p2\"><span style=\"color: #ff5b5b;\"><b><span style=\"font-size: 14pt;\">MISTRAL\u00a0\u00a0\u00a0\u00a0\u00a01932<\/span><\/b><\/span><span style=\"font-size: 12pt;\"><br \/>\n Bruxelles<\/span><\/p>\n<p class=\"p3\"><span style=\"font-size: 12pt;\">C&#8217;est au Salon de Bruxelles de 1932 qu&#8217;appara\u00eet cette marque belge dont il semble qu&#8217;un seul et unique prototype fut construit \u00e0 l&#8217;initiative d&#8217;un technicien de talent M. HOUDRET. Il s&#8217;agissait d&#8217;une \u00e9l\u00e9gante voiture de tourisme sportive dont le moteur \u00e9tait un BALLOT 8 cyl. en ligne de 3 l. avec arbre \u00e0 cames en t\u00eate de 95 cv. Cette MISTRAL participera \u00e0 un Li\u00e8ge-Madrid-Li\u00e8ge puis sombra dans l&#8217;oubli. Une version surcompress\u00e9e de 200 cv annonc\u00e9e par HOUDRET ne verra jamais le jour.<\/span><\/p>\n<p>[\/et_pb_text][et_pb_text admin_label=&#8221;MOL&#8221; module_id=&#8221;MALEVEZ&#8221; _builder_version=&#8221;4.16&#8243; background_layout=&#8221;dark&#8221; use_border_color=&#8221;off&#8221; border_color=&#8221;#ffffff&#8221; border_style=&#8221;solid&#8221; global_colors_info=&#8221;{}&#8221; background_size=&#8221;initial&#8221; background_position=&#8221;top_left&#8221; background_repeat=&#8221;repeat&#8221; text_text_color=&#8221;#000000&#8243;]<\/p>\n<p class=\"p2\"><span style=\"color: #ff5b5b;\"><b><span style=\"font-size: 14pt;\">MOL (Mol Cy nv)\u00a0\u00a0\u00a0\u00a0\u00a01944 &#8211;<\/span><\/b><\/span><span style=\"font-size: 12pt;\"><br \/>\n Diksmuidesteenweg 63, Hooglede<\/span><\/p>\n<p class=\"p3\"><span style=\"font-size: 12pt;\">En 1944 Gerard MOL fonde une soci\u00e9t\u00e9 pour la construction de remorques agricoles. Au debut des ann\u00e9es 1950, et vu l&#8217;essor du traffic routier, MOL commence \u00e9galement la construction de remorques et semi-remorques. En 1961, une division pour la production en s\u00e9rie de pi\u00e8ces de rechange est cr\u00e9\u00e9e a Rumbeke. Plus tard, en 1965, MOL se sp\u00e9cialise en camions pour applications sp\u00e9ciales comme par exemple un camion capable d&#8217;affronter le desert. En 1969, le constructeur d\u00e9bute la production de malaxeurs a b\u00e9ton. Entre-temps, l&#8217;entreprise se developpe et en 1971 la surface de la division de production des remorques et semi-remorques est doubl\u00e9e pour satisfaire \u00e0 la demande croissante du march\u00e9.<\/span><\/p>\n<p class=\"p3\"><span style=\"font-size: 12pt;\">En 1982 MOL re\u00e7oit une commande de la soci\u00e9t\u00e9 am\u00e9ricaine \u00ab Geophysical Service Inc. \u00bb pour la fourniture de 164 v\u00e9hicules qui doivent servir \u00e0 des recherches g\u00e9ophysiques dans le d\u00e9sert Tarim en Chine. Avec la reprise de la soci\u00e9t\u00e9 Vandekerckhove en 1985, la production de camions bennes \u00e0 ordures m\u00e9nag\u00e8res forme d\u00e9sormais une nouvelle division de MOL (\u00ab VDK Waste Systems \u00bb). A ce jour, cette division reste tr\u00e8s importante dans le groupe. Des centaines de camions de ce type qui circulent dans nos villes et agglom\u00e9rations ont \u00e9t\u00e9 produits \u00e0 Hooglede.<\/span><\/p>\n<p class=\"p3\"><span style=\"font-size: 12pt;\">Les v\u00e9hicules pour \u00ab applications sp\u00e9ciales \u00bb restent d&#8217;une tr\u00e8s grande importance dans les activit\u00e9s du groupe. En 1987, en collaboration avec les soci\u00e9t\u00e9s belges Somali et Bril, MOL construit 18 v\u00e9hicules \u00ab canon \u00e0 eau \u00bb pour la gendarmerie Belge. Dans les ann\u00e9es suivantes, MOL re\u00e7oit plusieurs commandes importantes pour l&#8217;arm\u00e9e Belge dont 700 plateaux ridelles b\u00e2ch\u00e9s. En 1989, notons \u00e9galement des commandes venant de l&#8217;\u00e9tranger, comme la fourniture aux autorit\u00e9s Chinoises de 201 v\u00e9hicules. La m\u00eame ann\u00e9e, MOL livre 17 camions au Bangladesh. L&#8217;entreprise de Hooglede travaille \u00e9galement en sous-traitance pour Caterpillar, et en 1992 elle devient \u00ab Fournisseur Certifi\u00e9 \u00bb de ce constructeur am\u00e9ricain d&#8217;engins de g\u00e9nie civil.<\/span><\/p>\n<p class=\"p3\"><span style=\"font-size: 12pt;\">MOL d\u00e9veloppe \u00e9galement des engins destin\u00e9s \u00e0 la manutention dans les ports. En 1996 elle pr\u00e9sente une nouvelle application. Il s&#8217;agit du tracteur \u00ab \u00e0 multiples remorques \u00bb TG280, dont 12 exemplaires sont fournis \u00e0 \u00ab ECT \u00bb pour le port de Rotterdam. Trois ans plus tard MOL pr\u00e9sente avec succ\u00e8s un nouveau type de tracteur pour la manutention YT200. Au cours de la m\u00eame ann\u00e9e, 14 tracteurs \u00ab \u00e0 multiples remorques \u00bb sont livr\u00e9s aux Pays-Bas et aux Etats-Unis. A ce jour, MOL produit des engins portuaires, des camions bennes \u00e0 ordures m\u00e9nag\u00e8res et des remorques pour applications sp\u00e9ciales \u00e0 savoir: des semi-remorques \u00e0 rideaux, des ch\u00e2ssis porte-conteneurs et des bennes de camions pour le secteur de la construction (MOL Ellips).<\/span><\/p>\n<p>[\/et_pb_text][et_pb_text admin_label=&#8221;MOUSTIQUE&#8221; module_id=&#8221;MALEVEZ&#8221; _builder_version=&#8221;4.16&#8243; background_layout=&#8221;dark&#8221; use_border_color=&#8221;off&#8221; border_color=&#8221;#ffffff&#8221; border_style=&#8221;solid&#8221; global_colors_info=&#8221;{}&#8221; background_size=&#8221;initial&#8221; background_position=&#8221;top_left&#8221; background_repeat=&#8221;repeat&#8221; text_text_color=&#8221;#000000&#8243;]<\/p>\n<p class=\"p2\"><span style=\"color: #ff5b5b;\"><b><span style=\"font-size: 14pt;\">MOUSTIQUE (Autos MOUSTIQUE)\u00a0\u00a0\u00a0\u00a0\u00a01925-1927<\/span><\/b><\/span><span style=\"font-size: 12pt;\"><br \/>\n rue Saint-Pierre n\u00b0 39 \u00e0 Etterbeek-Bruxelles<\/span><\/p>\n<p class=\"p3\"><span style=\"font-size: 12pt;\">Cr\u00e9\u00e9e par M. LUFFIN, la voiturette MOUSTIQUE \u00e9tait pourvue d&#8217;un moteur 2 cyl. \u00e0 plat, entra\u00eenement par cha\u00eene, suspension arri\u00e8re par ressorts \u00e0 cantilevers et d\u00e9marreur \u00e9lectrique, annonc\u00e9e pour 77 km\/h avec une consommation de 3,6 l aux 100 km. Un 4 cyl. de 6 cv, pr\u00e9sent\u00e9 en 1927, avec carrosserie ouverte ou ferm\u00e9e, sera le dernier mod\u00e8le de la marque.<\/span><\/p>\n<p>[\/et_pb_text][\/et_pb_column][\/et_pb_row][\/et_pb_section]<\/p>\n","protected":false},"excerpt":{"rendered":"<p>&nbsp; BELGISCHE CONTRUCTEURS DOOR DANIEL ABSIL A\u00a0B\u00a0C\u00a0D\u00a0E\u00a0F\u00a0G\u00a0H\u00a0I\u00a0J\u00a0K\u00a0L\u00a0M\u00a0N\u00a0O\u00a0P\u00a0Q\u00a0R\u00a0S\u00a0T\u00a0U\u00a0V\u00a0W\u00a0X\u00a0Y\u00a0Z MALEVEZ MANS MATECO MATHIEU MATHOMOBILE MATTHYS J. MATTHYS Fr\u00e8res et OSY MATTHYS Eug\u00e8ne MEAN MECANIQUE et MOTEURS METALLURGIQUE METEOR MICHOTTE MIESSE MIGNOT MINARI MINERVA MINET MINEUR MISTRAL MOL MOUSTIQUE MALEVEZ\u00a0\u00a0\u00a0\u00a0\u00a01894-1909Ateliers de Construction J. et A. MALEVEZ Fr\u00e8resSaint-Servais (Namur) Les Ateliers Jules et Adolphe MALEVEZ fond\u00e9s en 1894 \u00e9taient [&hellip;]<\/p>\n","protected":false},"author":466,"featured_media":0,"parent":206947,"menu_order":0,"comment_status":"closed","ping_status":"closed","template":"","meta":{"_et_pb_use_builder":"on","_et_pb_old_content":"","_et_gb_content_width":"","footnotes":""},"class_list":["post-207206","page","type-page","status-publish","hentry"],"jetpack_sharing_enabled":true,"_links":{"self":[{"href":"https:\/\/rvccb.be\/nl\/wp-json\/wp\/v2\/pages\/207206","targetHints":{"allow":["GET"]}}],"collection":[{"href":"https:\/\/rvccb.be\/nl\/wp-json\/wp\/v2\/pages"}],"about":[{"href":"https:\/\/rvccb.be\/nl\/wp-json\/wp\/v2\/types\/page"}],"author":[{"embeddable":true,"href":"https:\/\/rvccb.be\/nl\/wp-json\/wp\/v2\/users\/466"}],"replies":[{"embeddable":true,"href":"https:\/\/rvccb.be\/nl\/wp-json\/wp\/v2\/comments?post=207206"}],"version-history":[{"count":0,"href":"https:\/\/rvccb.be\/nl\/wp-json\/wp\/v2\/pages\/207206\/revisions"}],"up":[{"embeddable":true,"href":"https:\/\/rvccb.be\/nl\/wp-json\/wp\/v2\/pages\/206947"}],"wp:attachment":[{"href":"https:\/\/rvccb.be\/nl\/wp-json\/wp\/v2\/media?parent=207206"}],"curies":[{"name":"wp","href":"https:\/\/api.w.org\/{rel}","templated":true}]}}